{"id":952,"date":"2020-11-05T08:36:10","date_gmt":"2020-11-05T07:36:10","guid":{"rendered":"https:\/\/vergersdelozere.net\/?post_type=vegetaux&#038;p=952"},"modified":"2023-11-08T18:49:50","modified_gmt":"2023-11-08T17:49:50","slug":"chabanis","status":"publish","type":"vegetaux","link":"https:\/\/vergersdelozere.net\/index.php\/vegetaux\/chabanis\/","title":{"rendered":"Chabanis"},"content":{"rendered":"\t\t<div data-elementor-type=\"wp-post\" data-elementor-id=\"952\" class=\"elementor elementor-952\" data-elementor-post-type=\"vegetaux\">\n\t\t\t\t\t\t<section class=\"elementor-section elementor-top-section elementor-element elementor-element-423a375a elementor-section-boxed elementor-section-height-default elementor-section-height-default\" data-id=\"423a375a\" data-element_type=\"section\">\n\t\t\t\t\t\t<div class=\"elementor-container elementor-column-gap-default\">\n\t\t\t\t\t<div class=\"elementor-column elementor-col-100 elementor-top-column elementor-element elementor-element-50401b0\" data-id=\"50401b0\" data-element_type=\"column\">\n\t\t\t<div class=\"elementor-widget-wrap elementor-element-populated\">\n\t\t\t\t\t\t<div class=\"elementor-element elementor-element-4a4fb647 elementor-widget elementor-widget-text-editor\" data-id=\"4a4fb647\" data-element_type=\"widget\" data-widget_type=\"text-editor.default\">\n\t\t\t\t<div class=\"elementor-widget-container\">\n\t\t\t\t\t\t\t\t\t<p>Vari\u00e9t\u00e9 issue de semis, r\u00e9pandue dans la vall\u00e9e du Tarn et sur les Bondons.<\/p>\n<p>Fruit moyen, conique arrondi.&nbsp;<\/p><p>L&rsquo;\u00e9piderme est vert, jaunissant \u00e0 maturit\u00e9, recouvert d\u2019un lavis rouge vermillon et stri\u00e9 de rouge fonc\u00e9.<\/p>\n<p>La chair est jaune, fine, ferme, croquante, juteuse, sucr\u00e9e et parfum\u00e9e.<\/p>\n<p><!-- \/wp:paragraph --><\/p>\n<p><!-- wp:paragraph --><\/p>\n<p>Maturit\u00e9 : cueillette en octobre, consommation de novembre \u00e0 mars.<\/p>\n<p><!-- \/wp:paragraph --><\/p>\n<p><!-- wp:paragraph --><\/p>\n<p>Usages : \u00e0 couteau.<\/p>\t\t\t\t\t\t\t\t<\/div>\n\t\t\t\t<\/div>\n\t\t\t\t\t<\/div>\n\t\t<\/div>\n\t\t\t\t\t<\/div>\n\t\t<\/section>\n\t\t\t\t<section class=\"elementor-section elementor-top-section elementor-element elementor-element-d82de32 elementor-section-boxed elementor-section-height-default elementor-section-height-default\" data-id=\"d82de32\" data-element_type=\"section\">\n\t\t\t\t\t\t<div class=\"elementor-container elementor-column-gap-default\">\n\t\t\t\t\t<div class=\"elementor-column elementor-col-100 elementor-top-column elementor-element elementor-element-796f85b\" data-id=\"796f85b\" data-element_type=\"column\">\n\t\t\t<div class=\"elementor-widget-wrap elementor-element-populated\">\n\t\t\t\t\t\t<div class=\"elementor-element elementor-element-c6cdf75 elementor-widget elementor-widget-gallery\" data-id=\"c6cdf75\" data-element_type=\"widget\" data-settings=\"{&quot;lazyload&quot;:&quot;yes&quot;,&quot;gallery_layout&quot;:&quot;grid&quot;,&quot;columns&quot;:4,&quot;columns_tablet&quot;:2,&quot;columns_mobile&quot;:1,&quot;gap&quot;:{&quot;unit&quot;:&quot;px&quot;,&quot;size&quot;:10,&quot;sizes&quot;:[]},&quot;gap_tablet&quot;:{&quot;unit&quot;:&quot;px&quot;,&quot;size&quot;:10,&quot;sizes&quot;:[]},&quot;gap_mobile&quot;:{&quot;unit&quot;:&quot;px&quot;,&quot;size&quot;:10,&quot;sizes&quot;:[]},&quot;link_to&quot;:&quot;file&quot;,&quot;aspect_ratio&quot;:&quot;3:2&quot;,&quot;overlay_background&quot;:&quot;yes&quot;,&quot;content_hover_animation&quot;:&quot;fade-in&quot;}\" data-widget_type=\"gallery.default\">\n\t\t\t\t<div class=\"elementor-widget-container\">\n\t\t\t\t\t\t\t<div class=\"elementor-gallery__container\">\n\t\t\t\t\t\t\t<a class=\"e-gallery-item elementor-gallery-item elementor-animated-content\" href=\"https:\/\/vergersdelozere.net\/wp-content\/uploads\/2023\/11\/Chabanis_LaBaume_PXL_20231015_134357478_ML.jpg\" data-elementor-open-lightbox=\"yes\" data-elementor-lightbox-slideshow=\"c6cdf75\" data-elementor-lightbox-title=\"Pommes Chabanis\" data-elementor-lightbox-description=\"Photo C\u00e9cile Brigens\" data-e-action-hash=\"#elementor-action%3Aaction%3Dlightbox%26settings%3DeyJpZCI6NjM2MiwidXJsIjoiaHR0cHM6XC9cL3ZlcmdlcnNkZWxvemVyZS5uZXRcL3dwLWNvbnRlbnRcL3VwbG9hZHNcLzIwMjNcLzExXC9DaGFiYW5pc19MYUJhdW1lX1BYTF8yMDIzMTAxNV8xMzQzNTc0NzhfTUwuanBnIiwic2xpZGVzaG93IjoiYzZjZGY3NSJ9\">\n\t\t\t\t\t<div class=\"e-gallery-image elementor-gallery-item__image\" data-thumbnail=\"https:\/\/vergersdelozere.net\/wp-content\/uploads\/2023\/11\/Chabanis_LaBaume_PXL_20231015_134357478_ML-300x169.jpg\" data-width=\"300\" data-height=\"169\" aria-label=\"\" role=\"img\" ><\/div>\n\t\t\t\t\t\t\t\t\t\t\t<div class=\"elementor-gallery-item__overlay\"><\/div>\n\t\t\t\t\t\t\t\t\t\t\t\t\t\t<\/a>\n\t\t\t\t\t\t\t<a class=\"e-gallery-item elementor-gallery-item elementor-animated-content\" href=\"https:\/\/vergersdelozere.net\/wp-content\/uploads\/2023\/11\/Chabanis_Ruas_19_Oct_08_CB_013_3ML.jpg\" data-elementor-open-lightbox=\"yes\" data-elementor-lightbox-slideshow=\"c6cdf75\" data-elementor-lightbox-title=\"Pommier Chabanis \u00e0 Ruas\" data-elementor-lightbox-description=\"Photo : C\u00e9cile Bridgens\" data-e-action-hash=\"#elementor-action%3Aaction%3Dlightbox%26settings%3DeyJpZCI6NjM2MywidXJsIjoiaHR0cHM6XC9cL3ZlcmdlcnNkZWxvemVyZS5uZXRcL3dwLWNvbnRlbnRcL3VwbG9hZHNcLzIwMjNcLzExXC9DaGFiYW5pc19SdWFzXzE5X09jdF8wOF9DQl8wMTNfM01MLmpwZyIsInNsaWRlc2hvdyI6ImM2Y2RmNzUifQ%3D%3D\">\n\t\t\t\t\t<div class=\"e-gallery-image elementor-gallery-item__image\" data-thumbnail=\"https:\/\/vergersdelozere.net\/wp-content\/uploads\/2023\/11\/Chabanis_Ruas_19_Oct_08_CB_013_3ML-300x225.jpg\" data-width=\"300\" data-height=\"225\" aria-label=\"\" role=\"img\" ><\/div>\n\t\t\t\t\t\t\t\t\t\t\t<div class=\"elementor-gallery-item__overlay\"><\/div>\n\t\t\t\t\t\t\t\t\t\t\t\t\t\t<\/a>\n\t\t\t\t\t<\/div>\n\t\t\t\t\t<\/div>\n\t\t\t\t<\/div>\n\t\t\t\t\t<\/div>\n\t\t<\/div>\n\t\t\t\t\t<\/div>\n\t\t<\/section>\n\t\t\t\t<\/div>\n\t\t","protected":false},"featured_media":1620,"comment_status":"open","ping_status":"closed","template":"","varietes_fruitieres":[20],"type_vegetal":[],"class_list":["post-952","vegetaux","type-vegetaux","status-publish","has-post-thumbnail","hentry","varietes_fruitieres-pommes","entry","has-media"],"acf":[],"_links":{"self":[{"href":"https:\/\/vergersdelozere.net\/index.php\/wp-json\/wp\/v2\/vegetaux\/952"}],"collection":[{"href":"https:\/\/vergersdelozere.net\/index.php\/wp-json\/wp\/v2\/vegetaux"}],"about":[{"href":"https:\/\/vergersdelozere.net\/index.php\/wp-json\/wp\/v2\/types\/vegetaux"}],"replies":[{"embeddable":true,"href":"https:\/\/vergersdelozere.net\/index.php\/wp-json\/wp\/v2\/comments?post=952"}],"version-history":[{"count":7,"href":"https:\/\/vergersdelozere.net\/index.php\/wp-json\/wp\/v2\/vegetaux\/952\/revisions"}],"predecessor-version":[{"id":6370,"href":"https:\/\/vergersdelozere.net\/index.php\/wp-json\/wp\/v2\/vegetaux\/952\/revisions\/6370"}],"wp:featuredmedia":[{"embeddable":true,"href":"https:\/\/vergersdelozere.net\/index.php\/wp-json\/wp\/v2\/media\/1620"}],"wp:attachment":[{"href":"https:\/\/vergersdelozere.net\/index.php\/wp-json\/wp\/v2\/media?parent=952"}],"wp:term":[{"taxonomy":"varietes_fruitieres","embeddable":true,"href":"https:\/\/vergersdelozere.net\/index.php\/wp-json\/wp\/v2\/varietes_fruitieres?post=952"},{"taxonomy":"type_vegetal","embeddable":true,"href":"https:\/\/vergersdelozere.net\/index.php\/wp-json\/wp\/v2\/type_vegetal?post=952"}],"curies":[{"name":"wp","href":"https:\/\/api.w.org\/{rel}","templated":true}]}}