{"id":945,"date":"2020-11-04T19:42:23","date_gmt":"2020-11-04T18:42:23","guid":{"rendered":"https:\/\/vergersdelozere.net\/?post_type=vegetaux&#038;p=945"},"modified":"2021-12-20T17:10:59","modified_gmt":"2021-12-20T16:10:59","slug":"cabassou","status":"publish","type":"vegetaux","link":"https:\/\/vergersdelozere.net\/index.php\/vegetaux\/cabassou\/","title":{"rendered":"Cabassou"},"content":{"rendered":"<div><\/div>\n<div>\n<p class=\"Standard\">Vari\u00e9t\u00e9 originaire des C\u00e9vennes ard\u00e9choises.<\/p>\n<p>Le fruit est moyen \u00e0 gros, aplati, irr\u00e9gulier, fortement lav\u00e9 et stri\u00e9 de rouge.<\/p>\n<p>La chair est blanche, ferme, tr\u00e8s juteuse et tr\u00e8s sucr\u00e9e, mais elle manque de parfum.<\/p>\n<p class=\"Standard\">L&rsquo;arbre a un port retombant, un peu broussailleux, rustique et r\u00e9sistant, \u00e0 floraison tardive.<\/p>\n<\/div>\n<div>\n<p class=\"Standard\">Maturit\u00e9 : On l&rsquo;entrecueille de septembre \u00e0 novembre. \u00a0Elle se consomme de novembre \u00e0 mars.<\/p>\n<\/div>\n<div>\n<p class=\"Standard\">Usages : \u00e0 couteau et \u00e0 jus.<\/p>\n<p>&nbsp;<\/p>\n<\/div>\n<p><img fetchpriority=\"high\" decoding=\"async\" class=\"alignnone wp-image-3126 size-large\" src=\"https:\/\/vergersdelozere.net\/wp-content\/uploads\/2020\/11\/Cabassou_ML-1024x768.jpg\" alt=\"\" width=\"1024\" height=\"768\" srcset=\"https:\/\/vergersdelozere.net\/wp-content\/uploads\/2020\/11\/Cabassou_ML-1024x768.jpg 1024w, https:\/\/vergersdelozere.net\/wp-content\/uploads\/2020\/11\/Cabassou_ML-300x225.jpg 300w, https:\/\/vergersdelozere.net\/wp-content\/uploads\/2020\/11\/Cabassou_ML-768x576.jpg 768w, https:\/\/vergersdelozere.net\/wp-content\/uploads\/2020\/11\/Cabassou_ML.jpg 1100w\" sizes=\"(max-width: 1024px) 100vw, 1024px\" \/><\/p>\n","protected":false},"featured_media":3126,"comment_status":"open","ping_status":"closed","template":"","varietes_fruitieres":[20],"type_vegetal":[],"class_list":["post-945","vegetaux","type-vegetaux","status-publish","has-post-thumbnail","hentry","varietes_fruitieres-pommes","entry","has-media"],"acf":[],"_links":{"self":[{"href":"https:\/\/vergersdelozere.net\/index.php\/wp-json\/wp\/v2\/vegetaux\/945"}],"collection":[{"href":"https:\/\/vergersdelozere.net\/index.php\/wp-json\/wp\/v2\/vegetaux"}],"about":[{"href":"https:\/\/vergersdelozere.net\/index.php\/wp-json\/wp\/v2\/types\/vegetaux"}],"replies":[{"embeddable":true,"href":"https:\/\/vergersdelozere.net\/index.php\/wp-json\/wp\/v2\/comments?post=945"}],"version-history":[{"count":2,"href":"https:\/\/vergersdelozere.net\/index.php\/wp-json\/wp\/v2\/vegetaux\/945\/revisions"}],"predecessor-version":[{"id":4405,"href":"https:\/\/vergersdelozere.net\/index.php\/wp-json\/wp\/v2\/vegetaux\/945\/revisions\/4405"}],"wp:featuredmedia":[{"embeddable":true,"href":"https:\/\/vergersdelozere.net\/index.php\/wp-json\/wp\/v2\/media\/3126"}],"wp:attachment":[{"href":"https:\/\/vergersdelozere.net\/index.php\/wp-json\/wp\/v2\/media?parent=945"}],"wp:term":[{"taxonomy":"varietes_fruitieres","embeddable":true,"href":"https:\/\/vergersdelozere.net\/index.php\/wp-json\/wp\/v2\/varietes_fruitieres?post=945"},{"taxonomy":"type_vegetal","embeddable":true,"href":"https:\/\/vergersdelozere.net\/index.php\/wp-json\/wp\/v2\/type_vegetal?post=945"}],"curies":[{"name":"wp","href":"https:\/\/api.w.org\/{rel}","templated":true}]}}