{"id":1002,"date":"2020-11-09T08:16:08","date_gmt":"2020-11-09T07:16:08","guid":{"rendered":"https:\/\/vergersdelozere.net\/?post_type=vegetaux&#038;p=1002"},"modified":"2025-10-23T08:51:53","modified_gmt":"2025-10-23T06:51:53","slug":"rouge-de-villefort-ou-villefort","status":"publish","type":"vegetaux","link":"https:\/\/vergersdelozere.net\/index.php\/vegetaux\/rouge-de-villefort-ou-villefort\/","title":{"rendered":"Rouge de Villefort ou Villefort"},"content":{"rendered":"\t\t<div data-elementor-type=\"wp-post\" data-elementor-id=\"1002\" class=\"elementor elementor-1002\" data-elementor-post-type=\"vegetaux\">\n\t\t\t\t\t\t<section class=\"elementor-section elementor-top-section elementor-element elementor-element-4885413c elementor-section-boxed elementor-section-height-default elementor-section-height-default\" data-id=\"4885413c\" data-element_type=\"section\">\n\t\t\t\t\t\t<div class=\"elementor-container elementor-column-gap-default\">\n\t\t\t\t\t<div class=\"elementor-column elementor-col-100 elementor-top-column elementor-element elementor-element-db13caf\" data-id=\"db13caf\" data-element_type=\"column\">\n\t\t\t<div class=\"elementor-widget-wrap elementor-element-populated\">\n\t\t\t\t\t\t<div class=\"elementor-element elementor-element-6f8bf194 elementor-widget elementor-widget-text-editor\" data-id=\"6f8bf194\" data-element_type=\"widget\" data-widget_type=\"text-editor.default\">\n\t\t\t\t<div class=\"elementor-widget-container\">\n\t\t\t\t\t\t\t\t\t<div>\n<p class=\"Standard\">Vari\u00e9t\u00e9 originaire du Mont Loz\u00e8re.<\/p>\n<p class=\"Standard\">C\u2019est un gros fruit conique et pointu, dont l\u2019\u00e9piderme lisse et brillant est ray\u00e9 de rouge.<\/p>\n<p class=\"Standard\">Sa chair blanche est ferme, fine, juteuse, acidul\u00e9e et sucr\u00e9e.<\/p>\n<p class=\"Standard\">L\u2019arbre est rustique et pr\u00e9sente une tr\u00e8s bonne r\u00e9sistance aux maladies et aux parasites. Il est id\u00e9al pour les flancs nord en zones d\u2019altitude.<\/p><\/div>\t\t\t\t\t\t\t\t<\/div>\n\t\t\t\t<\/div>\n\t\t\t\t<div class=\"elementor-element elementor-element-3209673 elementor-widget elementor-widget-text-editor\" data-id=\"3209673\" data-element_type=\"widget\" data-widget_type=\"text-editor.default\">\n\t\t\t\t<div class=\"elementor-widget-container\">\n\t\t\t\t\t\t\t\t\t<div><p>Maturit\u00e9 : \u00e0 consommer de d\u00e9cembre \u00e0 mai.<\/p><\/div><div><p>Usages : excellent fruit \u00e0 couteau, \u00e9galement appr\u00e9ci\u00e9 pour son jus.<\/p><p>\u00a0<\/p><\/div>\t\t\t\t\t\t\t\t<\/div>\n\t\t\t\t<\/div>\n\t\t\t\t<div class=\"elementor-element elementor-element-1959733 elementor-widget elementor-widget-gallery\" data-id=\"1959733\" data-element_type=\"widget\" data-settings=\"{&quot;columns&quot;:2,&quot;lazyload&quot;:&quot;yes&quot;,&quot;gallery_layout&quot;:&quot;grid&quot;,&quot;columns_tablet&quot;:2,&quot;columns_mobile&quot;:1,&quot;gap&quot;:{&quot;unit&quot;:&quot;px&quot;,&quot;size&quot;:10,&quot;sizes&quot;:[]},&quot;gap_tablet&quot;:{&quot;unit&quot;:&quot;px&quot;,&quot;size&quot;:10,&quot;sizes&quot;:[]},&quot;gap_mobile&quot;:{&quot;unit&quot;:&quot;px&quot;,&quot;size&quot;:10,&quot;sizes&quot;:[]},&quot;link_to&quot;:&quot;file&quot;,&quot;aspect_ratio&quot;:&quot;3:2&quot;,&quot;overlay_background&quot;:&quot;yes&quot;,&quot;content_hover_animation&quot;:&quot;fade-in&quot;}\" data-widget_type=\"gallery.default\">\n\t\t\t\t<div class=\"elementor-widget-container\">\n\t\t\t\t\t\t\t<div class=\"elementor-gallery__container\">\n\t\t\t\t\t\t\t<a class=\"e-gallery-item elementor-gallery-item elementor-animated-content\" href=\"https:\/\/vergersdelozere.net\/wp-content\/uploads\/2021\/05\/Rouge_de_Villefort_Jbr_-IMG8158.jpg\" data-elementor-open-lightbox=\"yes\" data-elementor-lightbox-slideshow=\"1959733\" data-elementor-lightbox-title=\"Fleur de Rouge de Villefort : Photo JBr\" data-e-action-hash=\"#elementor-action%3Aaction%3Dlightbox%26settings%3DeyJpZCI6NDAzNCwidXJsIjoiaHR0cHM6XC9cL3ZlcmdlcnNkZWxvemVyZS5uZXRcL3dwLWNvbnRlbnRcL3VwbG9hZHNcLzIwMjFcLzA1XC9Sb3VnZV9kZV9WaWxsZWZvcnRfSmJyXy1JTUc4MTU4LmpwZyIsInNsaWRlc2hvdyI6IjE5NTk3MzMifQ%3D%3D\">\n\t\t\t\t\t<div class=\"e-gallery-image elementor-gallery-item__image\" data-thumbnail=\"https:\/\/vergersdelozere.net\/wp-content\/uploads\/2021\/05\/Rouge_de_Villefort_Jbr_-IMG8158-300x201.jpg\" data-width=\"300\" data-height=\"201\" aria-label=\"\" role=\"img\" ><\/div>\n\t\t\t\t\t\t\t\t\t\t\t<div class=\"elementor-gallery-item__overlay\"><\/div>\n\t\t\t\t\t\t\t\t\t\t\t\t\t\t<\/a>\n\t\t\t\t\t\t\t<a class=\"e-gallery-item elementor-gallery-item elementor-animated-content\" href=\"https:\/\/vergersdelozere.net\/wp-content\/uploads\/2020\/11\/Villefort_site.jpg\" data-elementor-open-lightbox=\"yes\" data-elementor-lightbox-slideshow=\"1959733\" data-elementor-lightbox-title=\"MAL-VILL-Feuillet 1\" data-e-action-hash=\"#elementor-action%3Aaction%3Dlightbox%26settings%3DeyJpZCI6MzExOSwidXJsIjoiaHR0cHM6XC9cL3ZlcmdlcnNkZWxvemVyZS5uZXRcL3dwLWNvbnRlbnRcL3VwbG9hZHNcLzIwMjBcLzExXC9WaWxsZWZvcnRfc2l0ZS5qcGciLCJzbGlkZXNob3ciOiIxOTU5NzMzIn0%3D\">\n\t\t\t\t\t<div class=\"e-gallery-image elementor-gallery-item__image\" data-thumbnail=\"https:\/\/vergersdelozere.net\/wp-content\/uploads\/2020\/11\/Villefort_site-300x109.jpg\" data-width=\"300\" data-height=\"109\" aria-label=\"\" role=\"img\" ><\/div>\n\t\t\t\t\t\t\t\t\t\t\t<div class=\"elementor-gallery-item__overlay\"><\/div>\n\t\t\t\t\t\t\t\t\t\t\t\t\t\t<\/a>\n\t\t\t\t\t<\/div>\n\t\t\t\t\t<\/div>\n\t\t\t\t<\/div>\n\t\t\t\t\t<\/div>\n\t\t<\/div>\n\t\t\t\t\t<\/div>\n\t\t<\/section>\n\t\t\t\t<\/div>\n\t\t","protected":false},"featured_media":3119,"comment_status":"closed","ping_status":"closed","template":"","varietes_fruitieres":[20],"type_vegetal":[],"class_list":["post-1002","vegetaux","type-vegetaux","status-publish","has-post-thumbnail","hentry","varietes_fruitieres-pommes","entry","has-media"],"acf":[],"_links":{"self":[{"href":"https:\/\/vergersdelozere.net\/index.php\/wp-json\/wp\/v2\/vegetaux\/1002"}],"collection":[{"href":"https:\/\/vergersdelozere.net\/index.php\/wp-json\/wp\/v2\/vegetaux"}],"about":[{"href":"https:\/\/vergersdelozere.net\/index.php\/wp-json\/wp\/v2\/types\/vegetaux"}],"replies":[{"embeddable":true,"href":"https:\/\/vergersdelozere.net\/index.php\/wp-json\/wp\/v2\/comments?post=1002"}],"version-history":[{"count":9,"href":"https:\/\/vergersdelozere.net\/index.php\/wp-json\/wp\/v2\/vegetaux\/1002\/revisions"}],"predecessor-version":[{"id":7850,"href":"https:\/\/vergersdelozere.net\/index.php\/wp-json\/wp\/v2\/vegetaux\/1002\/revisions\/7850"}],"wp:featuredmedia":[{"embeddable":true,"href":"https:\/\/vergersdelozere.net\/index.php\/wp-json\/wp\/v2\/media\/3119"}],"wp:attachment":[{"href":"https:\/\/vergersdelozere.net\/index.php\/wp-json\/wp\/v2\/media?parent=1002"}],"wp:term":[{"taxonomy":"varietes_fruitieres","embeddable":true,"href":"https:\/\/vergersdelozere.net\/index.php\/wp-json\/wp\/v2\/varietes_fruitieres?post=1002"},{"taxonomy":"type_vegetal","embeddable":true,"href":"https:\/\/vergersdelozere.net\/index.php\/wp-json\/wp\/v2\/type_vegetal?post=1002"}],"curies":[{"name":"wp","href":"https:\/\/api.w.org\/{rel}","templated":true}]}}