{"id":256,"date":"2020-09-22T09:40:31","date_gmt":"2020-09-22T07:40:31","guid":{"rendered":"https:\/\/vergersdelozere.net\/?page_id=256"},"modified":"2023-12-16T10:07:07","modified_gmt":"2023-12-16T09:07:07","slug":"le-verger-de-ventajols","status":"publish","type":"page","link":"https:\/\/vergersdelozere.net\/index.php\/le-verger-de-ventajols\/","title":{"rendered":"Le Verger de Ventajols"},"content":{"rendered":"\t\t<div data-elementor-type=\"wp-page\" data-elementor-id=\"256\" class=\"elementor elementor-256\" data-elementor-post-type=\"page\">\n\t\t\t\t\t\t<section class=\"elementor-section elementor-top-section elementor-element elementor-element-26fdf30 elementor-section-boxed elementor-section-height-default elementor-section-height-default\" data-id=\"26fdf30\" data-element_type=\"section\">\n\t\t\t\t\t\t<div class=\"elementor-container elementor-column-gap-default\">\n\t\t\t\t\t<div class=\"elementor-column elementor-col-100 elementor-top-column elementor-element elementor-element-e791ecb\" data-id=\"e791ecb\" data-element_type=\"column\">\n\t\t\t<div class=\"elementor-widget-wrap elementor-element-populated\">\n\t\t\t\t\t\t<div class=\"elementor-element elementor-element-46d3875 elementor-widget elementor-widget-heading\" data-id=\"46d3875\" data-element_type=\"widget\" data-widget_type=\"heading.default\">\n\t\t\t\t<div class=\"elementor-widget-container\">\n\t\t\t\t\t<h3 class=\"elementor-heading-title elementor-size-default\">Partenariat<\/h3>\t\t\t\t<\/div>\n\t\t\t\t<\/div>\n\t\t\t\t<div class=\"elementor-element elementor-element-70c6b42 elementor-widget elementor-widget-text-editor\" data-id=\"70c6b42\" data-element_type=\"widget\" data-widget_type=\"text-editor.default\">\n\t\t\t\t<div class=\"elementor-widget-container\">\n\t\t\t\t\t\t\t\t\t<p>Une convention de partenariat portant sur la restructuration et la valorisation du verger de Ventajols a \u00e9t\u00e9 sign\u00e9e entre l&rsquo;\u00e9tablissement public du Parc National des C\u00e9vennes et l&rsquo;association Vergers de Loz\u00e8re.<\/p>\t\t\t\t\t\t\t\t<\/div>\n\t\t\t\t<\/div>\n\t\t\t\t<div class=\"elementor-element elementor-element-514b158 elementor-widget elementor-widget-text-editor\" data-id=\"514b158\" data-element_type=\"widget\" data-widget_type=\"text-editor.default\">\n\t\t\t\t<div class=\"elementor-widget-container\">\n\t\t\t\t\t\t\t\t\t<p>Historique : ce verger de sauvegarde comprend des vari\u00e9t\u00e9s de pommiers, poiriers et pruniers issus d\u2019un inventaire de terrain r\u00e9alis\u00e9 en 1988 sur le territoire de la vall\u00e9e de la Mimente, du Tarnon et sur les cr\u00eates entre Le Pompidou et Barre-des-C\u00e9vennes.<\/p>\t\t\t\t\t\t\t\t<\/div>\n\t\t\t\t<\/div>\n\t\t\t\t<div class=\"elementor-element elementor-element-429dadf elementor-widget elementor-widget-spacer\" data-id=\"429dadf\" data-element_type=\"widget\" data-widget_type=\"spacer.default\">\n\t\t\t\t<div class=\"elementor-widget-container\">\n\t\t\t\t\t\t\t<div class=\"elementor-spacer\">\n\t\t\t<div class=\"elementor-spacer-inner\"><\/div>\n\t\t<\/div>\n\t\t\t\t\t\t<\/div>\n\t\t\t\t<\/div>\n\t\t\t\t<div class=\"elementor-element elementor-element-1ae4f12 elementor-widget elementor-widget-heading\" data-id=\"1ae4f12\" data-element_type=\"widget\" data-widget_type=\"heading.default\">\n\t\t\t\t<div class=\"elementor-widget-container\">\n\t\t\t\t\t<h3 class=\"elementor-heading-title elementor-size-default\">Le r\u00f4le de Vergers de Loz\u00e8re \u00e0 Ventajols<\/h3>\t\t\t\t<\/div>\n\t\t\t\t<\/div>\n\t\t\t\t<div class=\"elementor-element elementor-element-45fc8cc elementor-widget elementor-widget-text-editor\" data-id=\"45fc8cc\" data-element_type=\"widget\" data-widget_type=\"text-editor.default\">\n\t\t\t\t<div class=\"elementor-widget-container\">\n\t\t\t\t\t\t\t\t\t<ul>\n<li>Inventorier, sauvegarder, valoriser, promouvoir et diffuser le patrimoine fruitier loz\u00e9rien (r\u00e9seau \u00abverger conservatoire \u00e9clat\u00e9\u00bb) et les savoir-faire traditionnels qui s\u2019y rapportent,<!-- \/wp:paragraph --><!-- wp:paragraph --><\/li>\n<li>Exp\u00e9rimenter les anciennes et nouvelles m\u00e9thodes de culture et d\u2019entretien des fruitiers et les vari\u00e9t\u00e9s fruiti\u00e8res adapt\u00e9es \u00e0 la Loz\u00e8re,<!-- \/wp:paragraph --><!-- wp:paragraph --><\/li>\n<li>Encourager la gestion d\u2019espaces conservatoires,<\/li>\n<li>Conseiller et informer les adh\u00e9rents, encourager l\u2019arboriculture fruiti\u00e8re locale, le commerce de proximit\u00e9 et la consommation de fruits locaux,<!-- \/wp:paragraph --><!-- wp:paragraph --><\/li>\n<li>Sensibiliser au patrimoine fruitier culturel et paysager li\u00e9 aux traditions pastorales comme les pr\u00e9s-vergers de fauche et de p\u00e2ture.<\/li>\n<li>L\u2019association r\u00e9alise depuis plusieurs ann\u00e9es dans le verger de Ventajols des animations en direction du grand public, permettant dans le m\u00eame temps de contribuer \u00e0 sa gestion (taille douce de restructuration des arbres, greffages, bouturages).<\/li>\n<\/ul>\n<p><!-- \/wp:paragraph --><!-- wp:paragraph --><\/p>\n<p><!-- \/wp:paragraph --><!-- wp:paragraph --><\/p>\t\t\t\t\t\t\t\t<\/div>\n\t\t\t\t<\/div>\n\t\t\t\t<div class=\"elementor-element elementor-element-0635580 elementor-widget elementor-widget-text-editor\" data-id=\"0635580\" data-element_type=\"widget\" data-widget_type=\"text-editor.default\">\n\t\t\t\t<div class=\"elementor-widget-container\">\n\t\t\t\t\t\t\t\t\t<p>Extrait de la convention de partenariat (2018).<\/p>\t\t\t\t\t\t\t\t<\/div>\n\t\t\t\t<\/div>\n\t\t\t\t<div class=\"elementor-element elementor-element-5aee51e elementor-widget elementor-widget-image\" data-id=\"5aee51e\" data-element_type=\"widget\" data-widget_type=\"image.default\">\n\t\t\t\t<div class=\"elementor-widget-container\">\n\t\t\t\t\t\t\t\t\t\t\t\t<figure class=\"wp-caption\">\n\t\t\t\t\t\t\t\t\t\t<img fetchpriority=\"high\" decoding=\"async\" width=\"1024\" height=\"682\" src=\"https:\/\/vergersdelozere.net\/wp-content\/uploads\/2020\/12\/Un_verger_en_cevennes\u00a9Belier_Laurent_PNC_51100x733-72-1024x682.jpg\" class=\"attachment-large size-large wp-image-2401\" alt=\"\" srcset=\"https:\/\/vergersdelozere.net\/wp-content\/uploads\/2020\/12\/Un_verger_en_cevennes\u00a9Belier_Laurent_PNC_51100x733-72-1024x682.jpg 1024w, https:\/\/vergersdelozere.net\/wp-content\/uploads\/2020\/12\/Un_verger_en_cevennes\u00a9Belier_Laurent_PNC_51100x733-72-300x200.jpg 300w, https:\/\/vergersdelozere.net\/wp-content\/uploads\/2020\/12\/Un_verger_en_cevennes\u00a9Belier_Laurent_PNC_51100x733-72-768x512.jpg 768w, https:\/\/vergersdelozere.net\/wp-content\/uploads\/2020\/12\/Un_verger_en_cevennes\u00a9Belier_Laurent_PNC_51100x733-72.jpg 1100w\" sizes=\"(max-width: 1024px) 100vw, 1024px\" \/>\t\t\t\t\t\t\t\t\t\t\t<figcaption class=\"widget-image-caption wp-caption-text\">\u00a9 Laurent B\u00e9lier - PNC<\/figcaption>\n\t\t\t\t\t\t\t\t\t\t<\/figure>\n\t\t\t\t\t\t\t\t\t<\/div>\n\t\t\t\t<\/div>\n\t\t\t\t<div class=\"elementor-element elementor-element-b61c103 elementor-widget elementor-widget-gallery\" data-id=\"b61c103\" data-element_type=\"widget\" data-settings=\"{&quot;lazyload&quot;:&quot;yes&quot;,&quot;gallery_layout&quot;:&quot;grid&quot;,&quot;columns&quot;:4,&quot;columns_tablet&quot;:2,&quot;columns_mobile&quot;:1,&quot;gap&quot;:{&quot;unit&quot;:&quot;px&quot;,&quot;size&quot;:10,&quot;sizes&quot;:[]},&quot;gap_tablet&quot;:{&quot;unit&quot;:&quot;px&quot;,&quot;size&quot;:10,&quot;sizes&quot;:[]},&quot;gap_mobile&quot;:{&quot;unit&quot;:&quot;px&quot;,&quot;size&quot;:10,&quot;sizes&quot;:[]},&quot;link_to&quot;:&quot;file&quot;,&quot;aspect_ratio&quot;:&quot;3:2&quot;,&quot;overlay_background&quot;:&quot;yes&quot;,&quot;content_hover_animation&quot;:&quot;fade-in&quot;}\" data-widget_type=\"gallery.default\">\n\t\t\t\t<div class=\"elementor-widget-container\">\n\t\t\t\t\t\t\t<div class=\"elementor-gallery__container\">\n\t\t\t\t\t\t\t<a class=\"e-gallery-item elementor-gallery-item elementor-animated-content\" href=\"https:\/\/vergersdelozere.net\/wp-content\/uploads\/2020\/12\/Un_verger_-en_-cevennes\u00a9Belier_Laurent_PNC_21100x733-72.jpg\" data-elementor-open-lightbox=\"yes\" data-elementor-lightbox-slideshow=\"b61c103\" data-elementor-lightbox-title=\"Un_verger_ en_ c\u00e9vennes\u00a9B\u00e9lier_Laurent_PNC_(2)1100x733-72\" data-e-action-hash=\"#elementor-action%3Aaction%3Dlightbox%26settings%3DeyJpZCI6MjQyNCwidXJsIjoiaHR0cHM6XC9cL3ZlcmdlcnNkZWxvemVyZS5uZXRcL3dwLWNvbnRlbnRcL3VwbG9hZHNcLzIwMjBcLzEyXC9Vbl92ZXJnZXJfLWVuXy1jZXZlbm5lc1x1MDBhOUJlbGllcl9MYXVyZW50X1BOQ18yMTEwMHg3MzMtNzIuanBnIiwic2xpZGVzaG93IjoiYjYxYzEwMyJ9\">\n\t\t\t\t\t<div class=\"e-gallery-image elementor-gallery-item__image\" data-thumbnail=\"https:\/\/vergersdelozere.net\/wp-content\/uploads\/2020\/12\/Un_verger_-en_-cevennes\u00a9Belier_Laurent_PNC_21100x733-72-300x200.jpg\" data-width=\"300\" data-height=\"200\" aria-label=\"\" role=\"img\" ><\/div>\n\t\t\t\t\t\t\t\t\t\t\t<div class=\"elementor-gallery-item__overlay\"><\/div>\n\t\t\t\t\t\t\t\t\t\t\t\t\t\t<\/a>\n\t\t\t\t\t\t\t<a class=\"e-gallery-item elementor-gallery-item elementor-animated-content\" href=\"https:\/\/vergersdelozere.net\/wp-content\/uploads\/2020\/12\/Un_verger_en_cevennes\u00a9Belier_Laurent_PNC_51100x733-72.jpg\" data-elementor-open-lightbox=\"yes\" data-elementor-lightbox-slideshow=\"b61c103\" data-elementor-lightbox-title=\"Un_verger_en_c\u00e9vennes\u00a9B\u00e9lier_Laurent_PNC_(5)1100x733-72\" data-e-action-hash=\"#elementor-action%3Aaction%3Dlightbox%26settings%3DeyJpZCI6MjQwMSwidXJsIjoiaHR0cHM6XC9cL3ZlcmdlcnNkZWxvemVyZS5uZXRcL3dwLWNvbnRlbnRcL3VwbG9hZHNcLzIwMjBcLzEyXC9Vbl92ZXJnZXJfZW5fY2V2ZW5uZXNcdTAwYTlCZWxpZXJfTGF1cmVudF9QTkNfNTExMDB4NzMzLTcyLmpwZyIsInNsaWRlc2hvdyI6ImI2MWMxMDMifQ%3D%3D\">\n\t\t\t\t\t<div class=\"e-gallery-image elementor-gallery-item__image\" data-thumbnail=\"https:\/\/vergersdelozere.net\/wp-content\/uploads\/2020\/12\/Un_verger_en_cevennes\u00a9Belier_Laurent_PNC_51100x733-72-300x200.jpg\" data-width=\"300\" data-height=\"200\" aria-label=\"\" role=\"img\" ><\/div>\n\t\t\t\t\t\t\t\t\t\t\t<div class=\"elementor-gallery-item__overlay\"><\/div>\n\t\t\t\t\t\t\t\t\t\t\t\t\t\t<\/a>\n\t\t\t\t\t\t\t<a class=\"e-gallery-item elementor-gallery-item elementor-animated-content\" href=\"https:\/\/vergersdelozere.net\/wp-content\/uploads\/2020\/12\/Un_verger_en_cevennes\u00a9Belier_Laurent_PNC_3_1100x733-72.jpg\" data-elementor-open-lightbox=\"yes\" data-elementor-lightbox-slideshow=\"b61c103\" data-elementor-lightbox-title=\"Un_verger_en_c\u00e9vennes\u00a9B\u00e9lier_Laurent_PNC_(3)_1100x733-72\" data-e-action-hash=\"#elementor-action%3Aaction%3Dlightbox%26settings%3DeyJpZCI6MjQyNiwidXJsIjoiaHR0cHM6XC9cL3ZlcmdlcnNkZWxvemVyZS5uZXRcL3dwLWNvbnRlbnRcL3VwbG9hZHNcLzIwMjBcLzEyXC9Vbl92ZXJnZXJfZW5fY2V2ZW5uZXNcdTAwYTlCZWxpZXJfTGF1cmVudF9QTkNfM18xMTAweDczMy03Mi5qcGciLCJzbGlkZXNob3ciOiJiNjFjMTAzIn0%3D\">\n\t\t\t\t\t<div class=\"e-gallery-image elementor-gallery-item__image\" data-thumbnail=\"https:\/\/vergersdelozere.net\/wp-content\/uploads\/2020\/12\/Un_verger_en_cevennes\u00a9Belier_Laurent_PNC_3_1100x733-72-300x200.jpg\" data-width=\"300\" data-height=\"200\" aria-label=\"\" role=\"img\" ><\/div>\n\t\t\t\t\t\t\t\t\t\t\t<div class=\"elementor-gallery-item__overlay\"><\/div>\n\t\t\t\t\t\t\t\t\t\t\t\t\t\t<\/a>\n\t\t\t\t\t\t\t<a class=\"e-gallery-item elementor-gallery-item elementor-animated-content\" href=\"https:\/\/vergersdelozere.net\/wp-content\/uploads\/2020\/12\/Un_verger_-en_-cevennes\u00a9Belier_Laurent_PNC_1_1100x733-72.jpg\" data-elementor-open-lightbox=\"yes\" data-elementor-lightbox-slideshow=\"b61c103\" data-elementor-lightbox-title=\"Un_verger_ en_ c\u00e9vennes\u00a9B\u00e9lier_Laurent_PNC_(1)_1100x733-72\" data-e-action-hash=\"#elementor-action%3Aaction%3Dlightbox%26settings%3DeyJpZCI6MjQ0MiwidXJsIjoiaHR0cHM6XC9cL3ZlcmdlcnNkZWxvemVyZS5uZXRcL3dwLWNvbnRlbnRcL3VwbG9hZHNcLzIwMjBcLzEyXC9Vbl92ZXJnZXJfLWVuXy1jZXZlbm5lc1x1MDBhOUJlbGllcl9MYXVyZW50X1BOQ18xXzExMDB4NzMzLTcyLmpwZyIsInNsaWRlc2hvdyI6ImI2MWMxMDMifQ%3D%3D\">\n\t\t\t\t\t<div class=\"e-gallery-image elementor-gallery-item__image\" data-thumbnail=\"https:\/\/vergersdelozere.net\/wp-content\/uploads\/2020\/12\/Un_verger_-en_-cevennes\u00a9Belier_Laurent_PNC_1_1100x733-72-300x200.jpg\" data-width=\"300\" data-height=\"200\" aria-label=\"\" role=\"img\" ><\/div>\n\t\t\t\t\t\t\t\t\t\t\t<div class=\"elementor-gallery-item__overlay\"><\/div>\n\t\t\t\t\t\t\t\t\t\t\t\t\t\t<\/a>\n\t\t\t\t\t<\/div>\n\t\t\t\t\t<\/div>\n\t\t\t\t<\/div>\n\t\t\t\t<div class=\"elementor-element elementor-element-9c39e52 elementor-widget elementor-widget-spacer\" data-id=\"9c39e52\" data-element_type=\"widget\" data-widget_type=\"spacer.default\">\n\t\t\t\t<div class=\"elementor-widget-container\">\n\t\t\t\t\t\t\t<div class=\"elementor-spacer\">\n\t\t\t<div class=\"elementor-spacer-inner\"><\/div>\n\t\t<\/div>\n\t\t\t\t\t\t<\/div>\n\t\t\t\t<\/div>\n\t\t\t\t<div class=\"elementor-element elementor-element-bebe741 elementor-widget elementor-widget-heading\" data-id=\"bebe741\" data-element_type=\"widget\" data-widget_type=\"heading.default\">\n\t\t\t\t<div class=\"elementor-widget-container\">\n\t\t\t\t\t<h4 class=\"elementor-heading-title elementor-size-default\">Objectif : l'obtention du statut de 'verger-conservatoire'<\/h4>\t\t\t\t<\/div>\n\t\t\t\t<\/div>\n\t\t\t\t<div class=\"elementor-element elementor-element-4353103 elementor-widget elementor-widget-text-editor\" data-id=\"4353103\" data-element_type=\"widget\" data-widget_type=\"text-editor.default\">\n\t\t\t\t<div class=\"elementor-widget-container\">\n\t\t\t\t\t\t\t\t\t<p>Gr\u00e2ce \u00e0 sa connaissance du patrimoine fruitier loz\u00e9rien en g\u00e9n\u00e9ral, et \u00e0 l&rsquo;observation de ce verger en particulier, l\u2019association a \u00e9labor\u00e9 un cahier des charges de restructuration du verger en vue de l\u2019obtention du statut de verger-conservatoire*.&nbsp;Les deux structures ont ainsi organis\u00e9 au sein de leurs propres r\u00e9seaux des actions de gestion et d\u2019animation du site, et se proposent de mettre leurs comp\u00e9tences en commun et de coop\u00e9rer pour d\u00e9velopper les vocations scientifiques et p\u00e9dagogiques du site.<\/p>\t\t\t\t\t\t\t\t<\/div>\n\t\t\t\t<\/div>\n\t\t\t\t<div class=\"elementor-element elementor-element-f3a98b5 elementor-widget elementor-widget-text-editor\" data-id=\"f3a98b5\" data-element_type=\"widget\" data-widget_type=\"text-editor.default\">\n\t\t\t\t<div class=\"elementor-widget-container\">\n\t\t\t\t\t\t\t\t\t<p style=\"text-align: right;\">*Un &lsquo;<em>verger-conservatoire<\/em>&lsquo; se distingue d&rsquo;un simple verger de sauvegarde.\u00a0<\/p>\t\t\t\t\t\t\t\t<\/div>\n\t\t\t\t<\/div>\n\t\t\t\t<div class=\"elementor-element elementor-element-6fb0dd1 elementor-widget-divider--view-line_text elementor-widget-divider--element-align-center elementor-widget elementor-widget-divider\" data-id=\"6fb0dd1\" data-element_type=\"widget\" data-widget_type=\"divider.default\">\n\t\t\t\t<div class=\"elementor-widget-container\">\n\t\t\t\t\t\t\t<div class=\"elementor-divider\">\n\t\t\t<span class=\"elementor-divider-separator\">\n\t\t\t\t\t\t\t<span class=\"elementor-divider__text elementor-divider__element\">\n\t\t\t\tPlus d'info\t\t\t\t<\/span>\n\t\t\t\t\t\t<\/span>\n\t\t<\/div>\n\t\t\t\t\t\t<\/div>\n\t\t\t\t<\/div>\n\t\t\t\t<div class=\"elementor-element elementor-element-a5135ff elementor-widget elementor-widget-heading\" data-id=\"a5135ff\" data-element_type=\"widget\" data-widget_type=\"heading.default\">\n\t\t\t\t<div class=\"elementor-widget-container\">\n\t\t\t\t\t<h4 class=\"elementor-heading-title elementor-size-default\">Articles \u00e0 d\u00e9couvrir sur le site du Parc National des C\u00e9vennes<\/h4>\t\t\t\t<\/div>\n\t\t\t\t<\/div>\n\t\t\t\t<div class=\"elementor-element elementor-element-2bf89ed elementor-widget elementor-widget-text-editor\" data-id=\"2bf89ed\" data-element_type=\"widget\" data-widget_type=\"text-editor.default\">\n\t\t\t\t<div class=\"elementor-widget-container\">\n\t\t\t\t\t\t\t\t\t<ul>\n<li><a href=\"https:\/\/www.cevennes-parcnational.fr\/fr\/actualites\/sauve-qui-pomme\" target=\"_blank\" rel=\"noopener\">Sauve qui pomme<\/a><\/li>\n<li><a href=\"https:\/\/www.cevennes-parcnational.fr\/fr\/des-connaissances\/le-patrimoine-naturel\/la-biodiversite-cultivee-et-elevee\/les-varietes-fruitieres\" target=\"_blank\" rel=\"noopener\">Les vari\u00e9t\u00e9s fruiti\u00e8res<\/a><\/li>\n<li><a href=\"https:\/\/www.cevennes-parcnational.fr\/fr\/actualites\/le-verger-de-ventajols-espace-de-conservation-de-pedagogie-et-de-demonstration\" target=\"_blank\" rel=\"noopener\">Espace de conservation de p\u00e9dagogie et de d\u00e9monstration<\/a><\/li>\n<\/ul>\t\t\t\t\t\t\t\t<\/div>\n\t\t\t\t<\/div>\n\t\t\t\t<div class=\"elementor-element elementor-element-3115f3b elementor-widget elementor-widget-image\" data-id=\"3115f3b\" data-element_type=\"widget\" data-widget_type=\"image.default\">\n\t\t\t\t<div class=\"elementor-widget-container\">\n\t\t\t\t\t\t\t\t\t\t\t\t\t\t\t<img decoding=\"async\" width=\"300\" height=\"158\" src=\"https:\/\/vergersdelozere.net\/wp-content\/uploads\/2022\/07\/logo_PnC-300x158.jpg\" class=\"attachment-medium size-medium wp-image-4979\" alt=\"\" srcset=\"https:\/\/vergersdelozere.net\/wp-content\/uploads\/2022\/07\/logo_PnC-300x158.jpg 300w, https:\/\/vergersdelozere.net\/wp-content\/uploads\/2022\/07\/logo_PnC.jpg 326w\" sizes=\"(max-width: 300px) 100vw, 300px\" \/>\t\t\t\t\t\t\t\t\t\t\t\t\t\t\t<\/div>\n\t\t\t\t<\/div>\n\t\t\t\t<div class=\"elementor-element elementor-element-6bddce4 elementor-widget elementor-widget-spacer\" data-id=\"6bddce4\" data-element_type=\"widget\" data-widget_type=\"spacer.default\">\n\t\t\t\t<div class=\"elementor-widget-container\">\n\t\t\t\t\t\t\t<div class=\"elementor-spacer\">\n\t\t\t<div class=\"elementor-spacer-inner\"><\/div>\n\t\t<\/div>\n\t\t\t\t\t\t<\/div>\n\t\t\t\t<\/div>\n\t\t\t\t<div class=\"elementor-element elementor-element-631d55c elementor-widget elementor-widget-heading\" data-id=\"631d55c\" data-element_type=\"widget\" data-widget_type=\"heading.default\">\n\t\t\t\t<div class=\"elementor-widget-container\">\n\t\t\t\t\t<h3 class=\"elementor-heading-title elementor-size-default\">Radio<\/h3>\t\t\t\t<\/div>\n\t\t\t\t<\/div>\n\t\t\t\t<div class=\"elementor-element elementor-element-cc48476 elementor-widget elementor-widget-text-editor\" data-id=\"cc48476\" data-element_type=\"widget\" data-widget_type=\"text-editor.default\">\n\t\t\t\t<div class=\"elementor-widget-container\">\n\t\t\t\t\t\t\t\t\t<ul>\n<li><a href=\"https:\/\/vergersdelozere.net\/index.php\/2022\/04\/21\/radio-bartas-emission-sequence-parc-avril-2022\/\" target=\"_blank\" rel=\"noopener\">Emission de Radio Bartas consacr\u00e9e au verger de Ventajols<\/a>\u00a0(avril 2022).<\/li>\n<\/ul>\n<p>\u00a0<\/p>\t\t\t\t\t\t\t\t<\/div>\n\t\t\t\t<\/div>\n\t\t\t\t<div class=\"elementor-element elementor-element-8577e78 elementor-widget-divider--view-line elementor-widget elementor-widget-divider\" data-id=\"8577e78\" data-element_type=\"widget\" data-widget_type=\"divider.default\">\n\t\t\t\t<div class=\"elementor-widget-container\">\n\t\t\t\t\t\t\t<div class=\"elementor-divider\">\n\t\t\t<span class=\"elementor-divider-separator\">\n\t\t\t\t\t\t<\/span>\n\t\t<\/div>\n\t\t\t\t\t\t<\/div>\n\t\t\t\t<\/div>\n\t\t\t\t<div class=\"elementor-element elementor-element-0377fb1 elementor-widget elementor-widget-text-editor\" data-id=\"0377fb1\" data-element_type=\"widget\" data-widget_type=\"text-editor.default\">\n\t\t\t\t<div class=\"elementor-widget-container\">\n\t\t\t\t\t\t\t\t\t<p style=\"text-align: center;\">Vergers de Loz\u00e8re pr\u00f4ne des pratiques respectueuses de l\u2019environnement<\/p><p style=\"text-align: center;\">&nbsp;et de la biodiversit\u00e9.<\/p>\t\t\t\t\t\t\t\t<\/div>\n\t\t\t\t<\/div>\n\t\t\t\t<div class=\"elementor-element elementor-element-1f2ac12 elementor-widget elementor-widget-image\" data-id=\"1f2ac12\" data-element_type=\"widget\" data-widget_type=\"image.default\">\n\t\t\t\t<div class=\"elementor-widget-container\">\n\t\t\t\t\t\t\t\t\t\t\t\t\t\t\t<img decoding=\"async\" width=\"1024\" height=\"768\" src=\"https:\/\/vergersdelozere.net\/wp-content\/uploads\/2020\/09\/20180311_VdL_Ventajols_AtelierTaille-1024x768.jpg\" class=\"attachment-large size-large wp-image-265\" alt=\"\" srcset=\"https:\/\/vergersdelozere.net\/wp-content\/uploads\/2020\/09\/20180311_VdL_Ventajols_AtelierTaille-1024x768.jpg 1024w, https:\/\/vergersdelozere.net\/wp-content\/uploads\/2020\/09\/20180311_VdL_Ventajols_AtelierTaille-300x225.jpg 300w, https:\/\/vergersdelozere.net\/wp-content\/uploads\/2020\/09\/20180311_VdL_Ventajols_AtelierTaille-768x576.jpg 768w, https:\/\/vergersdelozere.net\/wp-content\/uploads\/2020\/09\/20180311_VdL_Ventajols_AtelierTaille.jpg 1276w\" sizes=\"(max-width: 1024px) 100vw, 1024px\" \/>\t\t\t\t\t\t\t\t\t\t\t\t\t\t\t<\/div>\n\t\t\t\t<\/div>\n\t\t\t\t\t<\/div>\n\t\t<\/div>\n\t\t\t\t\t<\/div>\n\t\t<\/section>\n\t\t\t\t<\/div>\n\t\t","protected":false},"excerpt":{"rendered":"<p>Partenariat Une convention de partenariat portant sur la restructuration et la valorisation du verger de Ventajols a \u00e9t\u00e9 sign\u00e9e entre l&rsquo;\u00e9tablissement public du Parc National des C\u00e9vennes et l&rsquo;association Vergers de Loz\u00e8re. Historique : ce verger de sauvegarde comprend des vari\u00e9t\u00e9s de pommiers, poiriers et pruniers issus d\u2019un inventaire de terrain r\u00e9alis\u00e9 en 1988 sur [&hellip;]<\/p>\n","protected":false},"author":1,"featured_media":0,"parent":0,"menu_order":0,"comment_status":"closed","ping_status":"closed","template":"","meta":{"_acf_changed":false,"ocean_post_layout":"","ocean_both_sidebars_style":"","ocean_both_sidebars_content_width":0,"ocean_both_sidebars_sidebars_width":0,"ocean_sidebar":"","ocean_second_sidebar":"","ocean_disable_margins":"enable","ocean_add_body_class":"","ocean_shortcode_before_top_bar":"","ocean_shortcode_after_top_bar":"","ocean_shortcode_before_header":"","ocean_shortcode_after_header":"","ocean_has_shortcode":"","ocean_shortcode_after_title":"","ocean_shortcode_before_footer_widgets":"","ocean_shortcode_after_footer_widgets":"","ocean_shortcode_before_footer_bottom":"","ocean_shortcode_after_footer_bottom":"","ocean_display_top_bar":"default","ocean_display_header":"default","ocean_header_style":"","ocean_center_header_left_menu":"","ocean_custom_header_template":"","ocean_custom_logo":0,"ocean_custom_retina_logo":0,"ocean_custom_logo_max_width":0,"ocean_custom_logo_tablet_max_width":0,"ocean_custom_logo_mobile_max_width":0,"ocean_custom_logo_max_height":0,"ocean_custom_logo_tablet_max_height":0,"ocean_custom_logo_mobile_max_height":0,"ocean_header_custom_menu":"","ocean_menu_typo_font_family":"","ocean_menu_typo_font_subset":"","ocean_menu_typo_font_size":0,"ocean_menu_typo_font_size_tablet":0,"ocean_menu_typo_font_size_mobile":0,"ocean_menu_typo_font_size_unit":"px","ocean_menu_typo_font_weight":"","ocean_menu_typo_font_weight_tablet":"","ocean_menu_typo_font_weight_mobile":"","ocean_menu_typo_transform":"","ocean_menu_typo_transform_tablet":"","ocean_menu_typo_transform_mobile":"","ocean_menu_typo_line_height":0,"ocean_menu_typo_line_height_tablet":0,"ocean_menu_typo_line_height_mobile":0,"ocean_menu_typo_line_height_unit":"","ocean_menu_typo_spacing":0,"ocean_menu_typo_spacing_tablet":0,"ocean_menu_typo_spacing_mobile":0,"ocean_menu_typo_spacing_unit":"","ocean_menu_link_color":"","ocean_menu_link_color_hover":"","ocean_menu_link_color_active":"","ocean_menu_link_background":"","ocean_menu_link_hover_background":"","ocean_menu_link_active_background":"","ocean_menu_social_links_bg":"","ocean_menu_social_hover_links_bg":"","ocean_menu_social_links_color":"","ocean_menu_social_hover_links_color":"","ocean_disable_title":"default","ocean_disable_heading":"default","ocean_post_title":"","ocean_post_subheading":"","ocean_post_title_style":"","ocean_post_title_background_color":"","ocean_post_title_background":0,"ocean_post_title_bg_image_position":"","ocean_post_title_bg_image_attachment":"","ocean_post_title_bg_image_repeat":"","ocean_post_title_bg_image_size":"","ocean_post_title_height":0,"ocean_post_title_bg_overlay":0.5,"ocean_post_title_bg_overlay_color":"","ocean_disable_breadcrumbs":"default","ocean_breadcrumbs_color":"","ocean_breadcrumbs_separator_color":"","ocean_breadcrumbs_links_color":"","ocean_breadcrumbs_links_hover_color":"","ocean_display_footer_widgets":"default","ocean_display_footer_bottom":"default","ocean_custom_footer_template":"","footnotes":""},"class_list":["post-256","page","type-page","status-publish","hentry","entry"],"acf":[],"_links":{"self":[{"href":"https:\/\/vergersdelozere.net\/index.php\/wp-json\/wp\/v2\/pages\/256"}],"collection":[{"href":"https:\/\/vergersdelozere.net\/index.php\/wp-json\/wp\/v2\/pages"}],"about":[{"href":"https:\/\/vergersdelozere.net\/index.php\/wp-json\/wp\/v2\/types\/page"}],"author":[{"embeddable":true,"href":"https:\/\/vergersdelozere.net\/index.php\/wp-json\/wp\/v2\/users\/1"}],"replies":[{"embeddable":true,"href":"https:\/\/vergersdelozere.net\/index.php\/wp-json\/wp\/v2\/comments?post=256"}],"version-history":[{"count":188,"href":"https:\/\/vergersdelozere.net\/index.php\/wp-json\/wp\/v2\/pages\/256\/revisions"}],"predecessor-version":[{"id":6711,"href":"https:\/\/vergersdelozere.net\/index.php\/wp-json\/wp\/v2\/pages\/256\/revisions\/6711"}],"wp:attachment":[{"href":"https:\/\/vergersdelozere.net\/index.php\/wp-json\/wp\/v2\/media?parent=256"}],"curies":[{"name":"wp","href":"https:\/\/api.w.org\/{rel}","templated":true}]}}