{"id":2042,"date":"2020-12-02T19:14:56","date_gmt":"2020-12-02T18:14:56","guid":{"rendered":"https:\/\/vergersdelozere.net\/?page_id=2042"},"modified":"2026-01-16T10:05:11","modified_gmt":"2026-01-16T09:05:11","slug":"retroaction","status":"publish","type":"page","link":"https:\/\/vergersdelozere.net\/index.php\/retroaction\/","title":{"rendered":"Actions R\u00e9tro"},"content":{"rendered":"\t\t<div data-elementor-type=\"wp-page\" data-elementor-id=\"2042\" class=\"elementor elementor-2042\" data-elementor-post-type=\"page\">\n\t\t\t\t\t\t<section class=\"elementor-section elementor-top-section elementor-element elementor-element-d6ac020 elementor-section-boxed elementor-section-height-default elementor-section-height-default\" data-id=\"d6ac020\" data-element_type=\"section\">\n\t\t\t\t\t\t<div class=\"elementor-container elementor-column-gap-default\">\n\t\t\t\t\t<div class=\"elementor-column elementor-col-100 elementor-top-column elementor-element elementor-element-f0748fe\" data-id=\"f0748fe\" data-element_type=\"column\">\n\t\t\t<div class=\"elementor-widget-wrap elementor-element-populated\">\n\t\t\t\t\t\t<div class=\"elementor-element elementor-element-b38a09f elementor-widget elementor-widget-heading\" data-id=\"b38a09f\" data-element_type=\"widget\" data-widget_type=\"heading.default\">\n\t\t\t\t<div class=\"elementor-widget-container\">\n\t\t\t\t\t<h3 class=\"elementor-heading-title elementor-size-default\">2023<\/h3>\t\t\t\t<\/div>\n\t\t\t\t<\/div>\n\t\t\t\t<div class=\"elementor-element elementor-element-84c7f59 elementor-widget elementor-widget-text-editor\" data-id=\"84c7f59\" data-element_type=\"widget\" data-widget_type=\"text-editor.default\">\n\t\t\t\t<div class=\"elementor-widget-container\">\n\t\t\t\t\t\t\t\t\t<div>&nbsp;<\/div>\n<ul>\n<li>6 octobre \u00e0 Mende &#8211; \u00ab&nbsp;Verger conservatoire de Brenoux&nbsp;\u00bb &#8211; R\u00e9union afin de pr\u00e9ciser les enjeux et les aspects techniques de la cr\u00e9ation d&rsquo;un verger de sauvegarde.<\/li>\n<li>7 octobre Mende &#8211; Les Toqu\u00e9s du c\u00e8pe.<\/li>\n<li style=\"font-size: 20px;\">&nbsp;25 ao\u00fbt \u00e0 Ventajols &#8211; Un go\u00fbter au verger (Partenariat PnC)<span style=\"font-variant-caps: normal; font-family: 'EB Garamond'; font-size: 20px; font-style: normal;\">.<\/span><\/li>\n<li>&nbsp;25 ao\u00fbt \u00e0 Saint Laurent de Tr\u00e8ves &#8211;&nbsp;<span style=\"font-family: 'EB Garamond'; font-size: 20px; font-style: normal; font-variant-caps: normal;\">Conseil d&rsquo;Administration.<\/span><\/li><li><span style=\"font-family: 'EB Garamond'; font-size: 20px; font-style: normal; font-variant-caps: normal;\">6 avril \u00e0 Villefort &#8211; Animation scolaire &#8211; Partenariat &lsquo;Les jardins en partage&rsquo;.<\/span><\/li>\n<li>4&nbsp;avril Pont-de-Montvert &#8211; <a href=\"https:\/\/vergersdelozere.net\/index.php\/2023\/03\/19\/greffe-a-grizac-le-18-mars\/\" target=\"_blank\" rel=\"noopener\">S\u00e9ance de greffe aux Jardins de Grizac<\/a>.<\/li>\n<li><span style=\"font-family: 'EB Garamond'; font-size: 20px; font-style: normal; font-variant-caps: normal;\">25 mars \u00e0 Mende &#8211; <a href=\"https:\/\/vergersdelozere.net\/index.php\/2023\/05\/15\/retour-sur-la-journee-de-greffe-a-mende-le-25-mars\/\" target=\"_blank\" rel=\"noopener\">Greffes \u00e0 la demande<\/a> &#8211; Partenariat avec la Biocoop.<\/span><\/li>\n<li><span style=\"font-family: 'EB Garamond'; font-size: 20px; font-style: normal; font-variant-caps: normal;\">12 mars \u00e0 Sainte Croix Vall\u00e9e Fran\u00e7aise &#8211;&nbsp;&nbsp;<a href=\"https:\/\/vergersdelozere.net\/index.php\/2023\/03\/17\/greffe-a-sainte-croix-vf-session-2023-une-reussite\/\" target=\"_blank\" rel=\"noopener\">Atelier de formation au &lsquo;greffage&rsquo;<\/a>.<\/span><\/li>\n<li>12 mars \u00e0 Sainte Croix Vall\u00e9e Fran\u00e7aise &#8211; Greffe \u00e0 la&nbsp;demande sur le march\u00e9.<\/li>\n<li style=\"font-size: 20px;\">12 f\u00e9vrier \u00e0 Ventajols &#8211; Atelier &lsquo;Pr\u00e9l\u00e8vement de greffons&rsquo;.<\/li>\n<li style=\"font-size: 20px;\">25 f\u00e9vrier \u00e0 Al\u00e8s &#8211; <a href=\"https:\/\/vergersdelozere.net\/index.php\/2023\/03\/21\/article-midi-libre-bourse-aux-greffons-dales-2023\/\" target=\"_blank\" rel=\"noopener\">Participation \u00e0 la bourse aux greffons du CnP d&rsquo;Al\u00e8s<\/a>.<\/li>\n<li>24 f\u00e9vrier &#8211;&nbsp;<a href=\"https:\/\/vergersdelozere.net\/index.php\/2023\/02\/24\/formation-greffe-pour-les-employes-de-la-serre-municipale-dales\/\" target=\"_blank\" rel=\"noopener\">Formation &lsquo;greffage&rsquo; destin\u00e9 aux&nbsp;agents d&rsquo;Al\u00e8s Agglo et ville d&rsquo;Al\u00e8s<\/a>.<\/li>\n<li>12 f\u00e9vrier \u00e0 Saint-Laurent de Tr\u00e8ves &#8211; Assembl\u00e9e G\u00e9n\u00e9rale.<\/li>\n<\/ul>\t\t\t\t\t\t\t\t<\/div>\n\t\t\t\t<\/div>\n\t\t\t\t<div class=\"elementor-element elementor-element-2a73bb7 elementor-widget elementor-widget-heading\" data-id=\"2a73bb7\" data-element_type=\"widget\" data-widget_type=\"heading.default\">\n\t\t\t\t<div class=\"elementor-widget-container\">\n\t\t\t\t\t<h3 class=\"elementor-heading-title elementor-size-default\">2022<\/h3>\t\t\t\t<\/div>\n\t\t\t\t<\/div>\n\t\t\t\t<div class=\"elementor-element elementor-element-abc4b8d elementor-widget elementor-widget-text-editor\" data-id=\"abc4b8d\" data-element_type=\"widget\" data-widget_type=\"text-editor.default\">\n\t\t\t\t<div class=\"elementor-widget-container\">\n\t\t\t\t\t\t\t\t\t<div>\u00a0<\/div><ul><li style=\"font-size: 22px;\"><span style=\"font-variant-caps: normal; font-family: 'EB Garamond'; font-size: 22px; font-style: normal;\"><span style=\"font-variant-caps: normal; font-family: 'EB Garamond'; font-size: 22px; font-style: normal;\">4 d\u00e9cembre \u00e0 Mende &#8211;\u00a0<\/span>Conseil d&rsquo;Administration.<\/span><\/li><li><span style=\"font-family: 'EB Garamond'; font-size: 22px; font-style: normal; font-variant-caps: normal;\"><span style=\"font-family: 'EB Garamond'; font-size: 22px; font-style: normal; font-variant-caps: normal;\">27 novembre \u00e0 St Etienne Vall\u00e9e fran\u00e7aise &#8211; F\u00eate de l&rsquo;Arbre \u00ab\u00a0On s&rsquo;enGraine\u00a0\u00bb.<\/span><\/span><\/li><li><span style=\"font-family: 'EB Garamond'; font-size: 22px; font-style: normal; font-variant-caps: normal;\"><span style=\"font-family: 'EB Garamond'; font-size: 22px; font-style: normal; font-variant-caps: normal;\">19 et 20 novembre \u00e0 Quissac (30) &#8211; Journ\u00e9es de l&rsquo;arbre, de la plante et du fruit.<\/span><\/span><\/li><li><span style=\"font-family: 'EB Garamond'; font-size: 22px; font-style: normal; font-variant-caps: normal;\"><span style=\"font-family: 'EB Garamond'; font-size: 22px; font-style: normal; font-variant-caps: normal;\">6 novembre \u00e0 Mende &#8211;\u00a0<\/span>Conseil d&rsquo;Administration .<\/span><\/li><li><span style=\"font-family: 'EB Garamond'; font-size: 22px; font-style: normal; font-variant-caps: normal;\">5 et 6 novembre \u00e0 Mende &#8211; <a href=\"https:\/\/vergersdelozere.net\/index.php\/2022\/11\/12\/retour-sur-latelier-de-determination-des-5-et-6-novembre-2022\/\" target=\"_blank\" rel=\"noopener\">Atelier de d\u00e9termination fruiti\u00e8re<\/a>.<\/span><\/li><li><span style=\"font-family: 'EB Garamond'; font-size: 22px; font-style: normal; font-variant-caps: normal;\">22 octobre\u00a0<span style=\"font-family: 'EB Garamond'; font-size: 22px; font-style: normal; font-variant-caps: normal;\">\u00e0 Florac &#8211; <a href=\"https:\/\/vergersdelozere.net\/index.php\/2022\/11\/02\/un-venerable-prunier-greffe-en-automne\/\" target=\"_blank\" rel=\"noopener\">Un v\u00e9n\u00e9rable prunier&#8230; Greffe en automne<\/a>.<\/span>\u00a0<\/span><\/li><li>22 octobre &#8211; Chantier et formation \u00ab\u00a0taille de restructuration\u00a0\u00bb au verger de cognassiers des Crozes Bas.<\/li><li>16 octobre \u00e0 Marvejols &#8211;\u00a0Salon de la biodiversit\u00e9 et de l&rsquo;environnement.<\/li><li>15 octobre &#8211; Atelier \u00ab\u00a0taille de formation\u00a0\u00bb au verger de Castanet.<\/li><li>8\u00a0octobre Mende &#8211; Les Toqu\u00e9s du c\u00e8pe.<\/li><li>22 septembre \u00e0 Caussignac &#8211; Visite en vue de l&rsquo;implantation d&rsquo;un futur verger.<\/li><li>3 septembre \u00e0 Florac &#8211; Participation au Forum des Associations.<\/li><li>25 ao\u00fbt \u00e0 Florac &#8211; <a href=\"https:\/\/vergersdelozere.net\/index.php\/2022\/10\/06\/florac-au-chevet-dun-venerable-prunier\/\" target=\"_blank\" rel=\"noopener\">Au chevet d&rsquo;un v\u00e9n\u00e9rable prunier<\/a>.<\/li><li>25 ao\u00fbt \u00e0 Ventajols &#8211; Animation \u00ab\u00a0Biodiversit\u00e9\u00a0\u00bb avec le parc national des C\u00e9vennes.<\/li><li>21 ao\u00fbt \u00e0 Montrodat &#8211; <a href=\"https:\/\/vergersdelozere.net\/index.php\/2022\/09\/14\/greffe-en-ecusson-au-verger-de-mesisio-inoce-commune-de-montrodat\/\" target=\"_blank\" rel=\"noopener\">Atelier \u00ab\u00a0Greffe en \u00e9cusson\u00a0\u00bb<\/a> au\u00a0verger de Jacky.\u00a0<\/li><li>15 juillet \u00e0 Alzon, Chantier participatif en appui de la p\u00e9pini\u00e8re \u00ab\u00a0Graine de Reinette\u00a0\u00bb.<\/li><li>10 juillet \u00e0 Saint Germain du Teil &#8211; <a href=\"https:\/\/vergersdelozere.net\/index.php\/2022\/09\/05\/retour-sur-la-taille-en-vert-au-verger-de-yannick\/\" target=\"_blank\" rel=\"noopener\">Atelier \u00ab\u00a0taille en vert et \u00e9claircissement\u00a0\u00bb<\/a> chez Yannick.\u00a0<\/li><li>3 juillet \u00e0 Lasfont &#8211; <a href=\"https:\/\/vergersdelozere.net\/index.php\/2022\/07\/06\/visite-chez-alexandre\/\" target=\"_blank\" rel=\"noopener\">Visite \u00e0 l&rsquo;association Terres Arboricoles C\u00e9venoles<\/a>, chez Alexandre.\u00a0<\/li><li>31 mai\u00a0\u00e0 Mende &#8211; R\u00e9union pr\u00e9paratoire aux Toqu\u00e9s du C\u00e8pe.<\/li><li>26 mai \u00e0 Rousses &#8211; Troc graines plantes.<\/li><li>8 mai \u00e0 Chirac &#8211; Troc graines plantes, graines et greffons.<\/li><li>23 avril \u00e0 St Ch\u00e9ly d&rsquo;Apcher\u00a0&#8211; Greffes sur table \u00e0 la demande.<\/li><li>9 avril \u00e0 Marvejols\u00a0&#8211; Greffes sur table \u00e0 la demande sur le march\u00e9.\u00a0<\/li><li>5 mars \u00e0 Castanet &#8211; Visite du verger de \u00ab\u00a0La rouge de Borne\u00a0\u00bb et premier contact avec l&rsquo;association locale \u00ab\u00a0Les jardins en partage\u00a0\u00bb.<\/li><li>5 mars \u00e0 G\u00e9nolhac &#8211; Greffes sur table \u00e0 la demande sur le march\u00e9.<\/li><li>3 mars &#8211; Enregistrement d&rsquo;une \u00e9mission pour Radio Bartas.<\/li><li>26 f\u00e9vrier \u00e0 Al\u00e8s (30) &#8211; Participation \u00e0 Bourse aux greffons organis\u00e9e par le Centre national de Pomologie.<\/li><li>20 f\u00e9vrier \u00e0 Mende &#8211; <a href=\"https:\/\/vergersdelozere.net\/index.php\/2022\/06\/01\/merci-cecile\/\" target=\"_blank\" rel=\"noopener\">Assembl\u00e9e G\u00e9n\u00e9rale<\/a>.<\/li><li>15 f\u00e9vrier \u00e0 Mende &#8211; R\u00e9union pr\u00e9paratoire aux Toqu\u00e9s du C\u00e8pe.<\/li><li>19 janvier \u00e0 Qu\u00e9zac &#8211; R\u00e9union Natur&rsquo;Adapt avec le Parc national des C\u00e9vennes.<\/li><li>16 janvier \u00e0 Mende &#8211; Conseil\u00a0d&rsquo;Administration chez Anne et S\u00e9bastien.\u00a0<\/li><\/ul><p><style>\n<!-- \/* Style Definitions *\/ p.MsoNormal, li.MsoNormal, div.MsoNormal {mso-style-unhide:no; mso-style-qformat:yes; mso-style-parent:\"\"; margin:0cm; mso-pagination:widow-orphan; mso-hyphenate:none; font-size:12.0pt; font-family:\"Times New Roman\",serif; mso-fareast-font-family:\"Times New Roman\"; mso-fareast-language:AR-SA;} .MsoChpDefault {mso-style-type:export-only; mso-default-props:yes; font-size:10.0pt; mso-ansi-font-size:10.0pt; mso-bidi-font-size:10.0pt;} @page WordSection1 {size:612.0pt 792.0pt; margin:70.85pt 70.85pt 70.85pt 70.85pt; mso-header-margin:36.0pt; mso-footer-margin:36.0pt; mso-paper-source:0;} div.WordSection1 {page:WordSection1;} \/* List Definitions *\/ @list l0 {mso-list-id:2; mso-list-template-ids:2; mso-list-name:WW8Num2;} @list l0:level1 {mso-level-number-format:bullet; mso-level-text:\uf02d; mso-level-tab-stop:36.0pt; mso-level-number-position:left; text-indent:-18.0pt; mso-ansi-font-size:10.0pt; mso-bidi-font-size:14.0pt; font-family:Symbol; mso-bidi-font-family:Symbol;} @list l0:level2 {mso-level-number-format:bullet; mso-level-text:\uf02d; mso-level-tab-stop:54.0pt; mso-level-number-position:left; margin-left:54.0pt; text-indent:-18.0pt; mso-ansi-font-size:10.0pt; mso-bidi-font-size:14.0pt; font-family:Symbol; mso-bidi-font-family:Symbol;} @list l0:level3 {mso-level-number-format:bullet; mso-level-text:\uf02d; mso-level-tab-stop:72.0pt; mso-level-number-position:left; margin-left:72.0pt; text-indent:-18.0pt; mso-ansi-font-size:10.0pt; mso-bidi-font-size:14.0pt; font-family:Symbol; mso-bidi-font-family:Symbol;} @list l0:level4 {mso-level-number-format:bullet; mso-level-text:\uf02d; mso-level-tab-stop:90.0pt; mso-level-number-position:left; margin-left:90.0pt; text-indent:-18.0pt; mso-ansi-font-size:10.0pt; mso-bidi-font-size:14.0pt; font-family:Symbol; mso-bidi-font-family:Symbol;} @list l0:level5 {mso-level-number-format:bullet; mso-level-text:\uf02d; mso-level-tab-stop:108.0pt; mso-level-number-position:left; margin-left:108.0pt; text-indent:-18.0pt; mso-ansi-font-size:10.0pt; mso-bidi-font-size:14.0pt; font-family:Symbol; mso-bidi-font-family:Symbol;} @list l0:level6 {mso-level-number-format:bullet; mso-level-text:\uf02d; mso-level-tab-stop:126.0pt; mso-level-number-position:left; margin-left:126.0pt; text-indent:-18.0pt; mso-ansi-font-size:10.0pt; mso-bidi-font-size:14.0pt; font-family:Symbol; mso-bidi-font-family:Symbol;} @list l0:level7 {mso-level-number-format:bullet; mso-level-text:\uf02d; mso-level-tab-stop:144.0pt; mso-level-number-position:left; margin-left:144.0pt; text-indent:-18.0pt; mso-ansi-font-size:10.0pt; mso-bidi-font-size:14.0pt; font-family:Symbol; mso-bidi-font-family:Symbol;} @list l0:level8 {mso-level-number-format:bullet; mso-level-text:\uf02d; mso-level-tab-stop:162.0pt; mso-level-number-position:left; margin-left:162.0pt; text-indent:-18.0pt; mso-ansi-font-size:10.0pt; mso-bidi-font-size:14.0pt; font-family:Symbol; mso-bidi-font-family:Symbol;} @list l0:level9 {mso-level-number-format:bullet; mso-level-text:\uf02d; mso-level-tab-stop:180.0pt; mso-level-number-position:left; margin-left:180.0pt; text-indent:-18.0pt; mso-ansi-font-size:10.0pt; mso-bidi-font-size:14.0pt; font-family:Symbol; mso-bidi-font-family:Symbol;} --><br \/><\/style><\/p><p><style>\n<!-- \/* Style Definitions *\/ p.MsoNormal, li.MsoNormal, div.MsoNormal {mso-style-unhide:no; mso-style-qformat:yes; mso-style-parent:\"\"; margin:0cm; mso-pagination:widow-orphan; mso-hyphenate:none; font-size:12.0pt; font-family:\"Times New Roman\",serif; mso-fareast-font-family:\"Times New Roman\"; mso-fareast-language:AR-SA;} .MsoChpDefault {mso-style-type:export-only; mso-default-props:yes; font-size:10.0pt; mso-ansi-font-size:10.0pt; mso-bidi-font-size:10.0pt;} @page WordSection1 {size:612.0pt 792.0pt; margin:70.85pt 70.85pt 70.85pt 70.85pt; mso-header-margin:36.0pt; mso-footer-margin:36.0pt; mso-paper-source:0;} div.WordSection1 {page:WordSection1;} \/* List Definitions *\/ @list l0 {mso-list-id:2; mso-list-template-ids:2; mso-list-name:WW8Num2;} @list l0:level1 {mso-level-number-format:bullet; mso-level-text:\uf02d; mso-level-tab-stop:36.0pt; mso-level-number-position:left; text-indent:-18.0pt; mso-ansi-font-size:10.0pt; mso-bidi-font-size:14.0pt; font-family:Symbol; mso-bidi-font-family:Symbol;} @list l0:level2 {mso-level-number-format:bullet; mso-level-text:\uf02d; mso-level-tab-stop:54.0pt; mso-level-number-position:left; margin-left:54.0pt; text-indent:-18.0pt; mso-ansi-font-size:10.0pt; mso-bidi-font-size:14.0pt; font-family:Symbol; mso-bidi-font-family:Symbol;} @list l0:level3 {mso-level-number-format:bullet; mso-level-text:\uf02d; mso-level-tab-stop:72.0pt; mso-level-number-position:left; margin-left:72.0pt; text-indent:-18.0pt; mso-ansi-font-size:10.0pt; mso-bidi-font-size:14.0pt; font-family:Symbol; mso-bidi-font-family:Symbol;} @list l0:level4 {mso-level-number-format:bullet; mso-level-text:\uf02d; mso-level-tab-stop:90.0pt; mso-level-number-position:left; margin-left:90.0pt; text-indent:-18.0pt; mso-ansi-font-size:10.0pt; mso-bidi-font-size:14.0pt; font-family:Symbol; mso-bidi-font-family:Symbol;} @list l0:level5 {mso-level-number-format:bullet; mso-level-text:\uf02d; mso-level-tab-stop:108.0pt; mso-level-number-position:left; margin-left:108.0pt; text-indent:-18.0pt; mso-ansi-font-size:10.0pt; mso-bidi-font-size:14.0pt; font-family:Symbol; mso-bidi-font-family:Symbol;} @list l0:level6 {mso-level-number-format:bullet; mso-level-text:\uf02d; mso-level-tab-stop:126.0pt; mso-level-number-position:left; margin-left:126.0pt; text-indent:-18.0pt; mso-ansi-font-size:10.0pt; mso-bidi-font-size:14.0pt; font-family:Symbol; mso-bidi-font-family:Symbol;} @list l0:level7 {mso-level-number-format:bullet; mso-level-text:\uf02d; mso-level-tab-stop:144.0pt; mso-level-number-position:left; margin-left:144.0pt; text-indent:-18.0pt; mso-ansi-font-size:10.0pt; mso-bidi-font-size:14.0pt; font-family:Symbol; mso-bidi-font-family:Symbol;} @list l0:level8 {mso-level-number-format:bullet; mso-level-text:\uf02d; mso-level-tab-stop:162.0pt; mso-level-number-position:left; margin-left:162.0pt; text-indent:-18.0pt; mso-ansi-font-size:10.0pt; mso-bidi-font-size:14.0pt; font-family:Symbol; mso-bidi-font-family:Symbol;} @list l0:level9 {mso-level-number-format:bullet; mso-level-text:\uf02d; mso-level-tab-stop:180.0pt; mso-level-number-position:left; margin-left:180.0pt; text-indent:-18.0pt; mso-ansi-font-size:10.0pt; mso-bidi-font-size:14.0pt; font-family:Symbol; mso-bidi-font-family:Symbol;} --><br \/><\/style><\/p>\t\t\t\t\t\t\t\t<\/div>\n\t\t\t\t<\/div>\n\t\t\t\t<div class=\"elementor-element elementor-element-668a454 elementor-widget elementor-widget-heading\" data-id=\"668a454\" data-element_type=\"widget\" data-widget_type=\"heading.default\">\n\t\t\t\t<div class=\"elementor-widget-container\">\n\t\t\t\t\t<h3 class=\"elementor-heading-title elementor-size-default\">2021<\/h3>\t\t\t\t<\/div>\n\t\t\t\t<\/div>\n\t\t\t\t<div class=\"elementor-element elementor-element-4baa33b elementor-blockquote--skin-border elementor-blockquote--button-color-official elementor-widget elementor-widget-blockquote\" data-id=\"4baa33b\" data-element_type=\"widget\" data-widget_type=\"blockquote.default\">\n\t\t\t\t<div class=\"elementor-widget-container\">\n\t\t\t\t\t\t\t<blockquote class=\"elementor-blockquote\">\n\t\t\t<p class=\"elementor-blockquote__content\">\n\t\t\t\t<h3 data-elementor-setting-key=\"title\" data-pen-placeholder=\"\u00c9crivez ici...\" style=\"font-variant-caps: normal; line-height: 1.8em; font-family: &quot;EB Garamond&quot;, sans-serif; font-size: 20px; font-style: normal; font-weight: 400;\">D\u00e9sormais les activit\u00e9s de Vergers de Loz\u00e8re sont relat\u00e9es dans les articles de ce site. Pour les retrouver, vous pouvez utiliser les outils de recherche propos\u00e9s dans la colonne lat\u00e9rale.<\/h3>\t\t\t<\/p>\n\t\t\t\t\t<\/blockquote>\n\t\t\t\t\t\t<\/div>\n\t\t\t\t<\/div>\n\t\t\t\t<div class=\"elementor-element elementor-element-161a707 elementor-widget elementor-widget-heading\" data-id=\"161a707\" data-element_type=\"widget\" data-widget_type=\"heading.default\">\n\t\t\t\t<div class=\"elementor-widget-container\">\n\t\t\t\t\t<h3 class=\"elementor-heading-title elementor-size-default\">2020<\/h3>\t\t\t\t<\/div>\n\t\t\t\t<\/div>\n\t\t\t\t<div class=\"elementor-element elementor-element-646f877 elementor-blockquote--skin-border elementor-blockquote--button-color-official elementor-widget elementor-widget-blockquote\" data-id=\"646f877\" data-element_type=\"widget\" data-widget_type=\"blockquote.default\">\n\t\t\t\t<div class=\"elementor-widget-container\">\n\t\t\t\t\t\t\t<blockquote class=\"elementor-blockquote\">\n\t\t\t<p class=\"elementor-blockquote__content\">\n\t\t\t\t<h3 data-elementor-setting-key=\"title\" data-pen-placeholder=\"\u00c9crivez ici...\" style=\"font-variant-caps: normal; line-height: 1.8em; font-family: &quot;EB Garamond&quot;, sans-serif; font-size: 20px; font-style: normal; font-weight: 400;\">L'association Vergers de Loz\u00e8re n'\u00e9chappe pas \u00e0 la crise sanitaire  et se voit containte de suspendre  les actions vers le public. Un travail associatif soutenu se poursuit sur les dossiers des partenariats et la refonte du site Internet.<br>L'\u00e9laboration d'un catalogue des vari\u00e9t\u00e9s fruiti\u00e8res loz\u00e9riennes est en cours.<span style=\"font-size: 22px; font-style: normal; color: rgb(85, 89, 92); background-color: transparent;\"><\/span><\/h3>\t\t\t<\/p>\n\t\t\t\t\t<\/blockquote>\n\t\t\t\t\t\t<\/div>\n\t\t\t\t<\/div>\n\t\t\t\t<div class=\"elementor-element elementor-element-4d5ab18 elementor-widget elementor-widget-text-editor\" data-id=\"4d5ab18\" data-element_type=\"widget\" data-widget_type=\"text-editor.default\">\n\t\t\t\t<div class=\"elementor-widget-container\">\n\t\t\t\t\t\t\t\t\t<ul><li style=\"font-family: 'EB Garamond'; font-size: 22px; font-variant-caps: normal;\">\u00a0<span style=\"font-family: 'EB Garamond'; font-size: 22px; font-style: normal; font-variant-caps: normal;\">27 octobre \u00e0 Ventajols, la manifestation \u00ab\u00a0<\/span><span style=\"font-family: 'EB Garamond'; font-size: 22px; font-variant-caps: normal;\"><i>Au chevet de nos arbres fruitiers\u00a0\u00bb<\/i><\/span><span style=\"font-family: 'EB Garamond'; font-size: 22px; font-style: normal; font-variant-caps: normal;\">, dans le <\/span><span style=\"font-family: 'EB Garamond'; font-size: 22px; font-variant-caps: normal;\">cadre des <\/span><span style=\"font-family: 'EB Garamond'; font-size: 22px; font-variant-caps: normal;\">50 ans du Parc National des C\u00e9vennes<\/span><span style=\"font-family: 'EB Garamond'; font-size: 22px; font-variant-caps: normal;\">,<\/span><span style=\"font-family: 'EB Garamond'; font-size: 22px; font-style: normal; font-variant-caps: normal;\"> est annul\u00e9e. Les interventions de Jacky Brard et Sabine Rauzier sont report\u00e9es.<\/span><\/li><li style=\"font-family: 'EB Garamond'; font-size: 22px; font-variant-caps: normal;\"><span style=\"font-style: normal;\">28 novembre \u00e0 Saint Jean du Gard &#8211; <\/span>La <i>f\u00eate de l&rsquo;Arbre<\/i> est annul\u00e9e.<span style=\"font-style: normal; font-family: 'EB Garamond'; font-size: 22px; font-variant-caps: normal;\"><span style=\"font-family: 'EB Garamond'; font-size: 22px; font-style: normal; font-variant-caps: normal;\"><b><br \/><\/b><\/span><\/span><\/li><li style=\"font-family: 'EB Garamond'; font-size: 22px; font-style: normal; font-variant-caps: normal;\"><span style=\"font-family: 'EB Garamond'; font-size: 22px; font-style: normal; font-variant-caps: normal;\"><span style=\"font-family: 'EB Garamond'; font-size: 22px; font-style: normal; font-variant-caps: normal;\">21 novembre \u00e0 Quissac &#8211; Les\u00a0<span style=\"font-variant-caps: normal; font-family: 'EB Garamond'; font-size: 22px; font-style: italic;\">Journ\u00e9es de l&rsquo;Arbre<\/span><span style=\"font-family: 'EB Garamond'; font-size: 22px; font-style: normal; font-variant-caps: normal;\">\u00a0: manifestation annul\u00e9e.<\/span><\/span><\/span><\/li><li style=\"font-family: 'EB Garamond'; font-size: 22px; font-style: normal; font-variant-caps: normal;\"><span style=\"font-family: 'EB Garamond'; font-size: 22px; font-style: normal; font-variant-caps: normal;\"><span style=\"font-family: 'EB Garamond'; font-size: 22px; font-style: normal; font-variant-caps: normal;\">5 octobre\u00a0<span style=\"font-family: 'EB Garamond'; font-size: 22px; font-style: normal; font-variant-caps: normal;\">\u00e0 V\u00e9bron &#8211; L<\/span>a\u00a0<\/span><span style=\"font-variant-caps: normal; font-family: 'EB Garamond'; font-size: 22px; font-style: normal;\"><span style=\"font-size: 22px; font-style: italic;\">F\u00eate des Vergers<\/span><\/span><span style=\"font-variant-caps: normal; font-family: 'EB Garamond'; font-size: 22px; font-style: normal;\">\u00a0 : manifestation annul\u00e9e.<\/span><br \/><\/span><\/li><li style=\"font-family: 'EB Garamond'; font-size: 22px; font-style: normal; font-variant-caps: normal;\"><span style=\"font-family: 'EB Garamond'; font-size: 22px; font-style: normal; font-variant-caps: normal;\">15 f\u00e9vrier\u00a0<\/span><span style=\"font-family: 'EB Garamond'; font-size: 22px; font-style: normal; font-variant-caps: normal;\">\u00e0 B\u00e9dou\u00e8s :\u00a0<span style=\"font-variant-caps: normal; font-family: 'EB Garamond'; font-size: 22px; font-style: normal; font-weight: bold;\">Assembl\u00e9e\u00a0G\u00e9n\u00e9rale<\/span>. <b>Bourse aux greffons<\/b> et \u00ab\u00a0<b>Atelier taille de restructuration\u00a0\u00bb<\/b>, l&rsquo;apr\u00e8s-midi \u00e0 La Vern\u00e8de.<\/span><\/li><\/ul>\t\t\t\t\t\t\t\t<\/div>\n\t\t\t\t<\/div>\n\t\t\t\t<div class=\"elementor-element elementor-element-9200552 elementor-widget elementor-widget-heading\" data-id=\"9200552\" data-element_type=\"widget\" data-widget_type=\"heading.default\">\n\t\t\t\t<div class=\"elementor-widget-container\">\n\t\t\t\t\t<h3 class=\"elementor-heading-title elementor-size-default\">2019<\/h3>\t\t\t\t<\/div>\n\t\t\t\t<\/div>\n\t\t\t\t<div class=\"elementor-element elementor-element-a0518c7 elementor-blockquote--skin-border elementor-blockquote--button-color-official elementor-widget elementor-widget-blockquote\" data-id=\"a0518c7\" data-element_type=\"widget\" data-widget_type=\"blockquote.default\">\n\t\t\t\t<div class=\"elementor-widget-container\">\n\t\t\t\t\t\t\t<blockquote class=\"elementor-blockquote\">\n\t\t\t<p class=\"elementor-blockquote__content\">\n\t\t\t\t<h3 data-elementor-setting-key=\"title\" data-pen-placeholder=\"\u00c9crivez ici...\" style=\"font-variant-caps: normal; line-height: 1.8em; font-family: &quot;EB Garamond&quot;, sans-serif; font-size: 20px; font-style: normal; font-weight: 400;\">Plus de cinquante arbres sont maintenant plant\u00e9s dans le verger des Cardabelles, chez Yannick Mourgues, administrateur de  Vergers de Loz\u00e8re.<span style=\"font-size: 22px; font-style: normal; color: rgb(85, 89, 92); background-color: transparent;\"><\/span><\/h3>\t\t\t<\/p>\n\t\t\t\t\t<\/blockquote>\n\t\t\t\t\t\t<\/div>\n\t\t\t\t<\/div>\n\t\t\t\t<div class=\"elementor-element elementor-element-9688c86 elementor-widget elementor-widget-text-editor\" data-id=\"9688c86\" data-element_type=\"widget\" data-widget_type=\"text-editor.default\">\n\t\t\t\t<div class=\"elementor-widget-container\">\n\t\t\t\t\t\t\t\t\t<ul><li style=\"font-variant-caps: normal; font-family: 'EB Garamond'; font-size: 22px;\"><span style=\"font-size: 22px;\">23 novembre \u00a0<\/span><span style=\"font-size: 22px;\">\u00e0 Saint Jean du Gard &#8211;<\/span><span style=\"font-style: italic; font-size: 22px;\"> \u00a0Journ\u00e9es de l&rsquo;Arbre, de la plante et du fruit\u00a0<\/span><span style=\"font-style: normal; font-size: 22px;\">\u00a0&#8211;\u00a0<\/span><span style=\"font-style: normal; font-variant-caps: normal; font-family: 'EB Garamond'; font-size: 22px; font-weight: bold;\">Stand Vergers de Loz\u00e8re.<\/span><\/li><li style=\"font-variant-caps: normal; font-family: 'EB Garamond'; font-size: 22px;\"><span style=\"font-family: 'EB Garamond'; font-size: 22px; font-style: normal; font-variant-caps: normal;\">27 octobre \u00e0 V\u00e9bron,\u00a0<\/span><i>F\u00eate des Vergers\u00a0<\/i>:\u00a0<span style=\"font-size: 22px; font-weight: bold;\"><span style=\"font-variant-caps: normal; font-family: 'EB Garamond'; font-size: 22px; font-style: normal; font-weight: bold;\">Stand Vergers de Loz\u00e8re,\u00a0c<\/span>onf\u00e9rence<\/span>\u00a0et\u00a0<span style=\"font-variant-caps: normal; font-family: 'EB Garamond'; font-size: 22px; font-style: normal; font-weight: bold;\">atelier \u00ab\u00a0Taille et entretien du verger\u00a0\u00bb<\/span><span style=\"font-variant-caps: normal; font-family: 'EB Garamond'; font-size: 22px; font-style: normal;\">, par Jacky Brard &#8211;<\/span><span style=\"font-variant-caps: normal; font-family: 'EB Garamond'; font-size: 22px;\"><span style=\"font-size: 22px; font-weight: bold;\">\u00a0\u00ab\u00a0Atelier de d\u00e9termination fruiti\u00e8re\u00a0\u00bb,<\/span><\/span><span style=\"font-variant-caps: normal; font-family: 'EB Garamond'; font-size: 22px;\">\u00a0par Sabine Rauzier &#8211; <span style=\"font-style: normal; font-size: 22px; font-weight: bold;\">Pr\u00e9sence des vari\u00e9t\u00e9s loz\u00e9riennes <\/span><span style=\"font-size: 22px;\">avec les <i>p\u00e9pini\u00e8res de Grizac<\/i> et les conseils du p\u00e9pini\u00e9riste\u00a0<\/span>Albert Douchy &#8211; Organisation C\u00e9cile Bridgens pour le\u00a0<\/span><span style=\"font-variant-caps: normal; font-family: 'EB Garamond'; font-size: 22px;\"><span style=\"font-size: 22px; font-style: italic;\">Foyer Rural Tarnon Mimente<\/span><\/span><span style=\"font-variant-caps: normal; font-family: 'EB Garamond'; font-size: 22px; font-style: normal;\">.<\/span><\/li><li style=\"font-variant-caps: normal; font-family: 'EB Garamond'; font-size: 22px;\"><span style=\"font-variant-caps: normal; font-family: 'EB Garamond'; font-size: 22px; font-style: normal;\">13 octobre\u00a0<span style=\"font-family: 'EB Garamond'; font-size: 22px; font-style: normal; font-variant-caps: normal;\">\u00a0\u00e0 Chanac,\u00a0<\/span>participation \u00e0 la <\/span><span style=\"font-variant-caps: normal; font-family: 'EB Garamond'; font-size: 22px;\"><i>F\u00eate de la Noix<\/i><\/span><span style=\"font-variant-caps: normal; font-family: 'EB Garamond'; font-size: 22px; font-style: normal;\">\u00a0organis\u00e9e par l&rsquo;association <\/span><span style=\"font-variant-caps: normal; font-family: 'EB Garamond'; font-size: 22px;\"><i>Tours et d\u00e9tours\u00a0<\/i><\/span><span style=\"font-family: 'EB Garamond'; font-size: 22px; font-style: normal; font-variant-caps: normal;\">\u00a0&#8211; D\u00e9monstration de <b><a href=\"https:\/\/vergersdelozere.net\/index.php\/2021\/02\/22\/jus-de-pommes-jus-de-poires\/\" target=\"_blank\" rel=\"noopener\">pressage de pommes \u00e0 jus<\/a><\/b><\/span>, aux c\u00f4t\u00e9s de Jardins Nature 48.<\/li><li>16 mars \u00e0 Al\u00e8s, bourse aux greffons (<i>Centre national de pomologie d&rsquo;Al\u00e8s<\/i>) &#8211; \u00ab\u00a0<span style=\"font-size: 22px;\"><b>Stand Vergers de Loz\u00e8re\u00a0\u00bb\u00a0<\/b>et \u00ab\u00a0<b>d\u00e9monstrations de greffe\u00a0\u00bb<\/b>\u00a0par Jacky Brard et Alexandre Racani\u00e8re.<\/span><\/li><li style=\"font-variant-caps: normal; font-family: 'EB Garamond'; font-size: 22px; font-style: normal;\"><span style=\"font-variant-caps: normal; font-family: 'EB Garamond'; font-size: 22px; font-style: normal;\">6 avril \u00e0 Langogne, \u00ab\u00a0<b>Troc plantes et greffons\u00a0\u00bb<\/b>,\u00a0animation sur le march\u00e9.<\/span><\/li><li style=\"font-variant-caps: normal; font-family: 'EB Garamond'; font-size: 22px;\"><span style=\"font-style: normal; font-variant-caps: normal; font-family: 'EB Garamond'; font-size: 22px;\">23 mars au <\/span><span style=\"font-variant-caps: normal; font-family: 'EB Garamond'; font-size: 22px;\"><i>Centre Equestre du G\u00e9vaudan<\/i><\/span><span style=\"font-style: normal; font-variant-caps: normal; font-family: 'EB Garamond'; font-size: 22px;\"> \u00e0 Chirac &#8211;\u00a0<\/span><span style=\"font-style: normal; font-variant-caps: normal; font-family: 'EB Garamond'; font-size: 22px; font-weight: bold;\">Conseil d&rsquo;Administration.<\/span><\/li><li style=\"font-family: 'EB Garamond'; font-size: 22px; font-style: normal; font-variant-caps: normal;\"><span style=\"font-family: 'EB Garamond'; font-size: 22px; font-style: normal; font-variant-caps: normal;\">16 f\u00e9vrier \u00e0 Ispagnac &#8211; <span style=\"font-variant-caps: normal; font-family: 'EB Garamond'; font-size: 22px; font-style: normal; font-weight: bold;\">Assembl\u00e9e\u00a0G\u00e9n\u00e9rale<\/span>. <b>Visite<\/b> du verger Paulet.<\/span><\/li><\/ul>\t\t\t\t\t\t\t\t<\/div>\n\t\t\t\t<\/div>\n\t\t\t\t<div class=\"elementor-element elementor-element-ab85b16 elementor-widget elementor-widget-heading\" data-id=\"ab85b16\" data-element_type=\"widget\" data-widget_type=\"heading.default\">\n\t\t\t\t<div class=\"elementor-widget-container\">\n\t\t\t\t\t<h3 class=\"elementor-heading-title elementor-size-default\">2018<\/h3>\t\t\t\t<\/div>\n\t\t\t\t<\/div>\n\t\t\t\t<div class=\"elementor-element elementor-element-d5ccbc9 elementor-blockquote--skin-border elementor-blockquote--button-color-official elementor-widget elementor-widget-blockquote\" data-id=\"d5ccbc9\" data-element_type=\"widget\" data-widget_type=\"blockquote.default\">\n\t\t\t\t<div class=\"elementor-widget-container\">\n\t\t\t\t\t\t\t<blockquote class=\"elementor-blockquote\">\n\t\t\t<p class=\"elementor-blockquote__content\">\n\t\t\t\t<h3 data-elementor-setting-key=\"title\" data-pen-placeholder=\"\u00c9crivez ici...\" style=\"font-variant-caps: normal; line-height: 1.8em; font-family: &quot;EB Garamond&quot;, sans-serif; font-size: 20px; font-style: normal; font-weight: 400;\">Vergers de Loz\u00e8re devient partenaire conventionn\u00e9 du Parc National des C\u00e9vennes. L'association devient ma\u00eetre d'oeuvre de l'entretien et de l'\u00e9volution concert\u00e9e du verger de Ventajols.<span style=\"font-size: 22px; font-style: normal; color: rgb(85, 89, 92); background-color: transparent;\"><\/span><\/h3>\t\t\t<\/p>\n\t\t\t\t\t<\/blockquote>\n\t\t\t\t\t\t<\/div>\n\t\t\t\t<\/div>\n\t\t\t\t<div class=\"elementor-element elementor-element-a4f3b07 elementor-widget elementor-widget-text-editor\" data-id=\"a4f3b07\" data-element_type=\"widget\" data-widget_type=\"text-editor.default\">\n\t\t\t\t<div class=\"elementor-widget-container\">\n\t\t\t\t\t\t\t\t\t<ul><li style=\"font-family: 'EB Garamond'; font-size: 22px; font-style: normal; font-variant-caps: normal;\"><span style=\"font-family: 'EB Garamond'; font-size: 22px; font-style: normal; font-variant-caps: normal;\">Parution de <\/span><span style=\"font-family: 'EB Garamond'; font-size: 22px; font-style: normal; font-variant-caps: normal;\">\u2018<b>La Feuille d&rsquo;automne\u00a0<\/b><\/span><b style=\"font-family: 'EB Garamond'; font-size: 22px; font-style: normal; font-variant-caps: normal;\"><span style=\"font-size: 22px;\">&#8211;\u00a0<\/span><span style=\"font-variant-caps: normal; font-family: 'EB Garamond'; font-size: 22px; font-style: normal;\">2018<\/span><\/b><span style=\"font-family: 'EB Garamond'; font-size: 22px; font-style: normal; font-variant-caps: normal;\">\u2019<\/span><span style=\"font-family: 'EB Garamond'; font-size: 22px; font-style: normal; font-variant-caps: normal;\">\u00a0(Lettre de liaison n\u00b07).<\/span><\/li><li style=\"font-family: 'EB Garamond'; font-size: 22px; font-style: normal; font-variant-caps: normal;\"><span style=\"font-family: 'EB Garamond'; font-size: 22px; font-style: normal; font-variant-caps: normal;\">15 d\u00e9cembre &#8211;<\/span><b style=\"font-family: 'EB Garamond'; font-size: 22px; font-style: normal; font-variant-caps: normal;\"> Conseil d&rsquo;Administration :<\/b><span style=\"font-size: 22px;\">\u00a0pr\u00e9paration de l&rsquo;Assembl\u00e9e G\u00e9n\u00e9rale \u00e0 venir.<\/span><\/li><li style=\"font-family: 'EB Garamond'; font-size: 22px; font-variant-caps: normal;\"><span style=\"font-size: 22px;\"><span style=\"font-style: normal;\"><span style=\"font-family: 'EB Garamond'; font-size: 22px; font-style: normal; font-variant-caps: normal;\">\u00e0 Saint Jean du Gard &#8211; \u00ab\u00a0<\/span><\/span><\/span><span style=\"font-family: 'EB Garamond'; font-size: 22px; font-style: normal; font-variant-caps: normal; font-weight: bold;\">Stand Vergers de Loz\u00e8re\u00a0\u00bb\u00a0<\/span><span style=\"font-family: 'EB Garamond'; font-size: 22px; font-style: normal; font-variant-caps: normal;\">lors des<\/span><span style=\"font-size: 22px;\">\u00a0\u00a0<\/span><i style=\"font-size: 22px;\">Journ\u00e9es de l&rsquo;Arbre, de la plante et du fruit<\/i><span style=\"font-size: 22px;\">.<\/span><\/li><li style=\"font-family: 'EB Garamond'; font-size: 22px; font-style: normal; font-variant-caps: normal;\"><b style=\"font-family: 'EB Garamond'; font-size: 22px; font-style: normal; font-variant-caps: normal;\">3 novembre &#8211; Conseil d&rsquo;Administration.<\/b><\/li><li style=\"font-family: 'EB Garamond'; font-size: 22px; font-style: normal; font-variant-caps: normal;\"><span style=\"font-size: 22px;\">Pont-de-Monvert &#8211; \u00ab\u00a0<\/span><span style=\"font-family: 'EB Garamond'; font-size: 22px; font-style: normal; font-variant-caps: normal; font-weight: bold;\">Stand Vergers de Loz\u00e8re\u00a0\u00bb.<\/span><\/li><li style=\"font-family: 'EB Garamond'; font-size: 22px; font-variant-caps: normal;\"><span style=\"font-size: 22px;\"><span style=\"font-family: 'EB Garamond'; font-size: 22px; font-style: normal; font-variant-caps: normal;\">16 septembre \u00e0 La Vern\u00e8de &#8211; \u00ab\u00a0<\/span><a style=\"font-weight: bold;\" href=\"https:\/\/www.facebook.com\/VdL48\/posts\/194020471205789\" target=\"_blank\" rel=\"noopener\">Atelier de greffe\u00a0\u00bb<\/a>\u00a0anim\u00e9 par Jacky Brard, en partenariat avec l&rsquo;association <i>L&rsquo;arbre aux abeilles.<\/i><\/span><\/li><li style=\"font-variant-caps: normal; font-family: 'EB Garamond'; font-size: 22px;\"><span style=\"font-size: 22px;\"><span style=\"font-size: 22px;\"><span style=\"font-family: 'EB Garamond'; font-size: 22px; font-style: normal; font-variant-caps: normal;\">24 mars \u00e0 La Vern\u00e8de &#8211;<b>\u00a0\u00ab\u00a0<\/b><\/span><b>Atelier de greffe sur du sauvage\u00a0\u00bb<\/b><\/span>, anim\u00e9 par Jacky Brard et Albert Douchy, en partenariat avec l&rsquo;association\u00a0<span style=\"font-size: 22px; font-style: italic;\">L&rsquo;arbre aux abeilles.<\/span><\/span><\/li><li style=\"font-family: 'EB Garamond'; font-size: 22px; font-style: normal; font-variant-caps: normal;\"><span style=\"font-size: 22px;\"><span style=\"font-variant-caps: normal; font-family: 'EB Garamond'; font-size: 22px; font-style: normal;\"><span style=\"font-family: 'EB Garamond'; font-size: 22px; font-style: normal; font-variant-caps: normal;\">18 mars \u00e0 Banassac &#8211; \u00ab\u00a0<\/span><b>Atelier de greffe sur\u00a0<\/b><\/span><span style=\"font-variant-caps: normal; font-family: 'EB Garamond'; font-size: 22px; font-style: normal; font-weight: bold;\">table\u00a0\u00bb.<\/span><br \/><\/span><\/li><li style=\"font-family: 'EB Garamond'; font-size: 22px; font-style: normal; font-variant-caps: normal;\"><span style=\"font-size: 22px;\"><span style=\"font-variant-caps: normal; font-family: 'EB Garamond'; font-size: 22px; font-style: normal;\"><span style=\"font-family: 'EB Garamond'; font-size: 22px; font-style: normal; font-variant-caps: normal;\">11 mars<span style=\"font-family: 'EB Garamond'; font-size: 22px; font-style: normal; font-variant-caps: normal;\">, \u00e0 Ventajols &#8211;<b>\u00a0\u00ab\u00a0<\/b><\/span><\/span><a style=\"font-weight: bold;\" href=\"https:\/\/vergersdelozere.net\/index.php\/2020\/04\/01\/atelier-de-taille-a-ventajols-2018\/\" target=\"_blank\" rel=\"noopener\">Atelier Taille de restructuration<\/a>\u00a0\u00bb\u00a0pour les adh\u00e9rents initi\u00e9s.<\/span><\/span><\/li><li style=\"font-family: 'EB Garamond'; font-size: 22px; font-style: normal; font-variant-caps: normal;\"><span style=\"font-size: 22px;\"><span style=\"font-variant-caps: normal; font-family: 'EB Garamond'; font-size: 22px; font-style: normal;\">8 mars \u00e0 Florac &#8211; \u00ab\u00a0<\/span><span style=\"font-variant-caps: normal; font-family: 'EB Garamond'; font-size: 22px; font-style: normal; font-weight: bold;\">Atelier de greffe sur\u00a0<\/span><span style=\"font-variant-caps: normal; font-family: 'EB Garamond'; font-size: 22px; font-style: normal; font-weight: bold;\">table, bourse aux greffons\u00a0\u00bb.<\/span><br \/><\/span><\/li><li style=\"font-size: 14px;\"><span style=\"font-size: 22px;\">10 mars &#8211; Lors de la Bourse aux greffons o<span style=\"font-variant-caps: normal; font-family: 'EB Garamond'; font-size: 22px; font-style: normal;\">ganis\u00e9e par le\u00a0<\/span><span style=\"font-variant-caps: normal; font-family: 'EB Garamond'; font-size: 22px; font-style: italic;\">Centre national de Pomologie d&rsquo;Al\u00e8s :\u00a0<\/span>\u00ab\u00a0<\/span><span style=\"font-variant-caps: normal; font-family: 'EB Garamond'; font-size: 22px; font-style: normal; font-weight: bold;\">Stand Vergers de Loz\u00e8re<\/span><span style=\"font-size: 22px;\">\u00a0et <span style=\"font-size: 22px; font-weight: bold;\">d\u00e9monstrations de greffe\u00a0\u00bb<\/span>\u00a0par Jacky Brard et Alexandre Racani\u00e8re.<\/span><\/li><li style=\"font-family: 'EB Garamond'; font-size: 22px; font-style: normal; font-variant-caps: normal;\"><span style=\"font-size: 22px;\"><span style=\"font-size: 22px;\"><span style=\"font-family: 'EB Garamond'; font-size: 22px; font-style: normal; font-variant-caps: normal;\">25 f\u00e9vrier \u00e0 Sainte-Croix-Vall\u00e9e-Fran\u00e7aise &#8211; \u00ab\u00a0<b>A<\/b><\/span><b>telier de greffe sur <\/b><\/span><span style=\"font-size: 22px; font-weight: bold;\">table\u00a0\u00bb.<\/span><span style=\"font-family: 'EB Garamond'; font-size: 22px; font-style: normal; font-variant-caps: normal;\">\u00a0<\/span><br \/><\/span><\/li><li style=\"font-family: 'EB Garamond'; font-size: 22px; font-style: normal; font-variant-caps: normal;\"><span style=\"font-size: 22px;\"><span style=\"font-family: 'EB Garamond'; font-size: 22px; font-style: normal; font-variant-caps: normal;\"><b style=\"font-weight: bold; font-style: normal;\"><a href=\"https:\/\/www.facebook.com\/ValleeAbeilleNoire\/photos\/a.731422457048526\/731422570381848\/\" target=\"_blank\" rel=\"noopener\">Plantations<\/a> : le verger VAN <\/b>de<i> L&rsquo;arbre aux abeilles <\/i>est en partie plant\u00e9, avec les conseils de Jacky Brard et Albert Douchy.<\/span><\/span><\/li><li style=\"font-family: 'EB Garamond'; font-size: 22px; font-style: normal; font-variant-caps: normal;\"><span style=\"font-family: 'EB Garamond'; font-size: 22px; font-style: normal; font-variant-caps: normal;\"><span style=\"font-family: 'EB Garamond'; font-size: 22px; font-style: normal; font-variant-caps: normal;\">31 janvier &#8211;\u00a0<\/span><b>Conseil d&rsquo;Administration.<\/b><\/span><\/li><li><span style=\"font-size: 22px;\">28 janvier &#8211; <b>Assembl\u00e9e\u00a0G\u00e9n\u00e9rale<\/b>.<\/span><\/li><\/ul>\t\t\t\t\t\t\t\t<\/div>\n\t\t\t\t<\/div>\n\t\t\t\t<div class=\"elementor-element elementor-element-dfae731 elementor-arrows-position-inside elementor-pagination-position-outside elementor-widget elementor-widget-image-carousel\" data-id=\"dfae731\" data-element_type=\"widget\" data-settings=\"{&quot;navigation&quot;:&quot;both&quot;,&quot;autoplay&quot;:&quot;yes&quot;,&quot;pause_on_hover&quot;:&quot;yes&quot;,&quot;pause_on_interaction&quot;:&quot;yes&quot;,&quot;autoplay_speed&quot;:5000,&quot;infinite&quot;:&quot;yes&quot;,&quot;speed&quot;:500}\" data-widget_type=\"image-carousel.default\">\n\t\t\t\t<div class=\"elementor-widget-container\">\n\t\t\t\t\t\t\t<div class=\"elementor-image-carousel-wrapper swiper\" role=\"region\" aria-roledescription=\"carousel\" aria-label=\"Carrousel d\u2019images\" dir=\"ltr\">\n\t\t\t<div class=\"elementor-image-carousel swiper-wrapper\" aria-live=\"off\">\n\t\t\t\t\t\t\t\t<div class=\"swiper-slide\" role=\"group\" aria-roledescription=\"slide\" aria-label=\"1 sur 3\"><figure class=\"swiper-slide-inner\"><img decoding=\"async\" class=\"swiper-slide-image\" src=\"https:\/\/vergersdelozere.net\/wp-content\/uploads\/2020\/11\/VdL_20180311_Atelier_taille-_restructuration_Ventajols_6-_1100x825-72.jpg-150x150.jpg\" alt=\"VdL_20180311_Atelier_taille _restructuration_Ventajols_#6 _1100x825-72.jpg\" \/><\/figure><\/div><div class=\"swiper-slide\" role=\"group\" aria-roledescription=\"slide\" aria-label=\"2 sur 3\"><figure class=\"swiper-slide-inner\"><img decoding=\"async\" class=\"swiper-slide-image\" src=\"https:\/\/vergersdelozere.net\/wp-content\/uploads\/2020\/11\/VdL_20180311_Atelier_taille-_restructuration_Ventajols_8-_825x1100-72.jpg-150x150.jpg\" alt=\"VdL_20180311_Atelier_taille _restructuration_Ventajols_#8 _825x1100-72.jpg\" \/><\/figure><\/div><div class=\"swiper-slide\" role=\"group\" aria-roledescription=\"slide\" aria-label=\"3 sur 3\"><figure class=\"swiper-slide-inner\"><img decoding=\"async\" class=\"swiper-slide-image\" src=\"https:\/\/vergersdelozere.net\/wp-content\/uploads\/2020\/11\/VdL_20180311_Atelier_taille-_restructuration_Ventajols_9-_825x1100-72.jpg-150x150.jpg\" alt=\"VdL_20180311_Atelier_taille _restructuration_Ventajols_#9 _825x1100-72.jpg\" \/><\/figure><\/div>\t\t\t<\/div>\n\t\t\t\t\t\t\t\t\t\t\t\t<div class=\"elementor-swiper-button elementor-swiper-button-prev\" role=\"button\" tabindex=\"0\">\n\t\t\t\t\t\t<i aria-hidden=\"true\" class=\"eicon-chevron-left\"><\/i>\t\t\t\t\t<\/div>\n\t\t\t\t\t<div class=\"elementor-swiper-button elementor-swiper-button-next\" role=\"button\" tabindex=\"0\">\n\t\t\t\t\t\t<i aria-hidden=\"true\" class=\"eicon-chevron-right\"><\/i>\t\t\t\t\t<\/div>\n\t\t\t\t\n\t\t\t\t\t\t\t\t\t<div class=\"swiper-pagination\"><\/div>\n\t\t\t\t\t\t\t\t\t<\/div>\n\t\t\t\t\t\t<\/div>\n\t\t\t\t<\/div>\n\t\t\t\t<div class=\"elementor-element elementor-element-c817cee elementor-widget elementor-widget-heading\" data-id=\"c817cee\" data-element_type=\"widget\" data-widget_type=\"heading.default\">\n\t\t\t\t<div class=\"elementor-widget-container\">\n\t\t\t\t\t<h3 class=\"elementor-heading-title elementor-size-default\">2017<\/h3>\t\t\t\t<\/div>\n\t\t\t\t<\/div>\n\t\t\t\t<div class=\"elementor-element elementor-element-2b0e650 elementor-blockquote--skin-border elementor-blockquote--button-color-official elementor-widget elementor-widget-blockquote\" data-id=\"2b0e650\" data-element_type=\"widget\" data-widget_type=\"blockquote.default\">\n\t\t\t\t<div class=\"elementor-widget-container\">\n\t\t\t\t\t\t\t<blockquote class=\"elementor-blockquote\">\n\t\t\t<p class=\"elementor-blockquote__content\">\n\t\t\t\t<h3 data-elementor-setting-key=\"title\" data-pen-placeholder=\"\u00c9crivez ici...\" style=\"font-variant-caps: normal; line-height: 1.8em; font-family: &quot;EB Garamond&quot;, sans-serif; font-size: 20px; font-style: normal; font-weight: 400;\">Ann\u00e9e de transition et de r\u00e9organisation associative.<br> Plus de cent arbres sont maintenant plant\u00e9s au verger conservatoire de Camp de Mesisio, \u00e0 Montrodat. Le verger des Cardabelles \u00e0 Saint Germain du Teil (Yannick Mourgues) est pr\u00eat \u00e0 recevoir plus de cinquante arbres.<span style=\"font-size: 22px; font-style: normal; color: rgb(85, 89, 92); background-color: transparent;\"><\/span><\/h3>\t\t\t<\/p>\n\t\t\t\t\t<\/blockquote>\n\t\t\t\t\t\t<\/div>\n\t\t\t\t<\/div>\n\t\t\t\t<div class=\"elementor-element elementor-element-8822d3c elementor-widget elementor-widget-text-editor\" data-id=\"8822d3c\" data-element_type=\"widget\" data-widget_type=\"text-editor.default\">\n\t\t\t\t<div class=\"elementor-widget-container\">\n\t\t\t\t\t\t\t\t\t<ul><li style=\"font-family: 'EB Garamond'; font-size: 22px; font-style: normal; font-variant-caps: normal;\"><span style=\"font-size: 22px;\"><span style=\"font-variant-caps: normal; font-family: 'EB Garamond'; font-size: 22px; font-style: normal;\">\u00a0<\/span>Parution de <\/span><span style=\"font-variant-caps: normal; font-family: 'EB Garamond'; font-size: 22px; font-style: normal;\">\u2018<b>La Feuille d&rsquo;automne\u00a0<\/b><\/span><b><span style=\"font-size: 22px;\">&#8211;\u00a0<\/span><span style=\"font-variant-caps: normal; font-family: 'EB Garamond'; font-size: 22px; font-style: normal;\">2017<\/span><\/b><span style=\"font-variant-caps: normal; font-family: 'EB Garamond'; font-size: 22px; font-style: normal;\">\u2019<\/span><span style=\"font-size: 22px;\">\u00a0(Lettre de liaison n\u00b06).<\/span><\/li><li style=\"font-family: 'EB Garamond'; font-size: 22px; font-style: normal; font-variant-caps: normal;\"><span style=\"font-size: 22px;\">3 d\u00e9cembre, \u00e0 Mende &#8211; Assembl\u00e9e G\u00e9n\u00e9rale extraordinaire.\u00a0<\/span><span style=\"font-size: 22px;\">C\u00e9cile Reynes-Bridgens a \u00e9mis le souhait de d\u00e9missionner (mais de rester active). Une\u00a0<\/span><span style=\"font-size: 22px; font-weight: bold;\">nouvelle r\u00e9partition\u00a0<\/span><span style=\"font-size: 22px;\">des t\u00e2ches\u00a0<\/span><span style=\"font-size: 22px;\">est mise en place avec des\u00a0<span style=\"font-size: 22px; font-weight: bold;\">co-pr\u00e9sidences par secteur<\/span>\u00a0: le\u00a0<\/span><span style=\"font-size: 22px;\"><span style=\"font-size: 22px; font-weight: bold;\">verger \u00e9clat\u00e9<\/span><\/span><span style=\"font-size: 22px;\">\u00a0est supervis\u00e9 par Sabine Rauzier, l&rsquo;<span style=\"font-size: 22px; font-weight: bold;\">administration<\/span>\u00a0par Christian Rameau, la\u00a0<span style=\"font-size: 22px; font-weight: bold;\">prospection<\/span>\u00a0par C\u00e9cile Bridgens, les\u00a0<span style=\"font-size: 22px; font-weight: bold;\">ateliers<\/span>\u00a0par Jacky Brard.<span style=\"font-size: 22px; font-weight: bold;\">\u00a0<\/span><\/span><span style=\"font-size: 22px;\">Dans cette nouvelle organisation, Yannick Mourgues continue d\u2019assurer le poste de tr\u00e9sorier et Christian Rameau celui de secr\u00e9taire.<\/span><span style=\"font-size: 22px;\">\u00a0<\/span><span style=\"font-family: 'EB Garamond'; font-size: 22px; font-style: normal; font-variant-caps: normal;\">Approbation des nouveaux statuts \u00e0 l&rsquo;unanimit\u00e9.<\/span><\/li><li style=\"font-family: 'EB Garamond'; font-size: 22px; font-style: normal; font-variant-caps: normal;\"><span style=\"font-family: 'EB Garamond'; font-size: 22px; font-style: normal; font-variant-caps: normal;\">Novembre \u00e0 Aumont-Aubrac<b> &#8211; \u00ab\u00a0Atelier taille des fruitiers\u00a0\u00bb<\/b>.<\/span><\/li><li style=\"font-family: 'EB Garamond'; font-size: 22px; font-style: normal; font-variant-caps: normal;\"><span style=\"font-family: 'EB Garamond'; font-size: 22px; font-style: normal; font-variant-caps: normal;\">25 octobre &#8211; <\/span><b style=\"font-family: 'EB Garamond'; font-size: 22px; font-style: normal; font-variant-caps: normal;\">Conseil d&rsquo;Administration<\/b><span style=\"font-family: 'EB Garamond'; font-size: 22px; font-style: normal; font-variant-caps: normal;\">. Derniers pr\u00e9paratifs de l&rsquo;Assembl\u00e9e G\u00e9n\u00e9rale extraordinaire \u00e0 venir.<\/span><\/li><li style=\"font-family: 'EB Garamond'; font-size: 22px; font-style: normal; font-variant-caps: normal;\"><span style=\"font-family: 'EB Garamond'; font-size: 22px; font-style: normal; font-variant-caps: normal;\"><span style=\"font-family: 'EB Garamond'; font-size: 22px; font-style: normal; font-variant-caps: normal;\">Travaux d&rsquo;\u00e9tablissement d&rsquo;une base de donn\u00e9es pour faciliter le recensement des arbres dans le cadre du &lsquo;verger \u00e9clat\u00e9&rsquo;.\u00a0<\/span><br \/><\/span><\/li><li style=\"font-family: 'EB Garamond'; font-size: 22px; font-variant-caps: normal;\"><span style=\"font-size: 22px;\"><i>L&rsquo;arbre aux abeilles<\/i> : poursuite de bonnes relations et <b style=\"font-style: normal;\">projet de cr\u00e9ation d&rsquo;un verger de sauvegarde<\/b>.<\/span><\/li><li><b style=\"font-family: 'EB Garamond'; font-size: 22px; font-style: normal; font-variant-caps: normal;\">Projet de convention<\/b> avec le <i>P<span style=\"font-family: 'EB Garamond'; font-size: 22px; font-variant-caps: normal;\">arc national des C\u00e9vennes<\/span><\/i><span style=\"font-family: 'EB Garamond'; font-size: 22px; font-style: normal; font-variant-caps: normal;\">, \u00a0portant principalement sur le projet de r\u00e9habilitation du verger de V<\/span>entajols. C&rsquo;est \u00e9galement la perspective de nouveaux moyens pour effectuer des recherches plus pouss\u00e9es,\u00a0comme la d\u00e9finition du g\u00e9notype de certaines vari\u00e9t\u00e9s embl\u00e9matiques.\u00a0<\/li><li>Schisme et scission au sein de l&rsquo;<i>association\u00a0Fruits oubli\u00e9s<\/i>\u00a0: Vergers de Loz\u00e8re d\u00e9cide de suspendre ses partenariats dans l&rsquo;attente d&rsquo;une clarification des\u00a0diff\u00e9rends par des instances comp\u00e9tentes.<\/li><li>16 ao\u00fbt\u00a0<span style=\"font-family: 'EB Garamond'; font-size: 22px; font-style: normal; font-variant-caps: normal;\">au Mazel<\/span>\u00a0<span style=\"font-family: 'EB Garamond'; font-size: 22px; font-style: normal; font-variant-caps: normal;\">chez C\u00e9cile Bridgens\u00a0<\/span>&#8211; \u00ab\u00a0<b>Atelier de greffes en \u00e9cusson\u00a0\u00bb<\/b>par Jacky Brard.<\/li><li>22 avril &#8211;\u00a0<span style=\"font-weight: bold;\">Conseil d&rsquo;Administration\u00a0<\/span>portant\u00a0sur une\u00a0nouvelle organisation et le travail d&rsquo;\u00e9criture des nouveaux statuts.<\/li><li style=\"font-variant-caps: normal; font-family: 'EB Garamond'; font-size: 22px;\"><span style=\"font-variant-caps: normal; font-family: 'EB Garamond'; font-size: 22px; font-style: normal;\">Avril au Buffre, sur le causse M\u00e9jean &#8211; \u00ab\u00a0<b>Atelier greffe sur sauvage\u00a0\u00bb<\/b>\u00a0en partenariat avec\u00a0<\/span><span style=\"font-variant-caps: normal; font-family: 'EB Garamond'; font-size: 22px;\"><span style=\"font-size: 22px; font-style: italic;\">Jardins Nature 48<\/span><span style=\"font-size: 22px;\">.<\/span><\/span><\/li><li style=\"font-variant-caps: normal; font-family: 'EB Garamond'; font-size: 22px;\"><span style=\"font-variant-caps: normal; font-family: 'EB Garamond'; font-size: 22px;\"><span style=\"font-size: 22px;\"><b><span style=\"font-variant-caps: normal; font-family: 'EB Garamond'; font-size: 22px; font-style: normal;\">Radio &#8211; Interview de\u00a0<\/span>Jacky Brard<\/b> dans <i>les matinales de Bartas.<\/i><\/span><\/span><\/li><li><span style=\"font-size: 22px;\"><span style=\"font-family: 'EB Garamond'; font-size: 22px; font-style: normal; font-variant-caps: normal;\"><span style=\"font-family: 'EB Garamond'; font-size: 22px; font-style: normal; font-variant-caps: normal;\">St Laurent de Tr\u00e8ves, Chirac et Mende &#8211;<b>\u00a0<\/b><\/span><b>\u00ab\u00a0<\/b><a style=\"font-weight: bold;\" href=\"https:\/\/vergersdelozere.net\/index.php\/2020\/04\/01\/greffe-sur-table-2017\/\" target=\"_blank\" rel=\"noopener\">Ateliers de greffe sur table<\/a><b>\u00a0\u00bb\u00a0\u00ab\u00a0<\/b><\/span><\/span><\/li><li><span style=\"font-family: 'EB Garamond'; font-size: 22px; font-style: normal; font-variant-caps: normal;\">25 f\u00e9vrier &#8211;<\/span><a href=\"https:\/\/youtu.be\/WXbVBMcjpRk\" target=\"_blank\" rel=\"noopener\">\u00a0<b>Participation \u00e0 la bourse aux greffons<\/b> <\/a>organis\u00e9e\u00a0<span style=\"font-variant-caps: normal; font-family: 'EB Garamond'; font-size: 22px; font-style: italic;\">Centre national de Pomologie d&rsquo;Al\u00e8s<\/span><span style=\"font-variant-caps: normal; font-family: 'EB Garamond'; font-size: 22px; font-style: normal;\">.<\/span><\/li><li>15 janvier \u00e0 S<span style=\"font-family: 'EB Garamond'; font-size: 22px; font-style: normal; font-variant-caps: normal;\">aint Laurent du Teil<\/span><b>\u00a0&#8211; \u00ab\u00a0<\/b><a style=\"font-weight: bold;\" href=\"https:\/\/vergersdelozere.net\/index.php\/2020\/04\/01\/atelier-pralinage-2017\/\" target=\"_blank\" rel=\"noopener\">Atelier pralinage<\/a>\u00a0\u00bb\u00a0chez Yannick Mourgues, membre actif de l&rsquo;association.<\/li><li><span style=\"font-size: 22px;\">7 janvier &#8211; <b>Conseil d&rsquo;Administration<\/b>. C\u00e9cile Bridgens fait part de son intention de d\u00e9missionner<\/span><span style=\"font-size: 22px;\">.<\/span><\/li><\/ul>\t\t\t\t\t\t\t\t<\/div>\n\t\t\t\t<\/div>\n\t\t\t\t<div class=\"elementor-element elementor-element-1e3e4b9 elementor-widget elementor-widget-image\" data-id=\"1e3e4b9\" data-element_type=\"widget\" data-widget_type=\"image.default\">\n\t\t\t\t<div class=\"elementor-widget-container\">\n\t\t\t\t\t\t\t\t\t\t\t\t\t\t\t<img decoding=\"async\" width=\"150\" height=\"150\" src=\"https:\/\/vergersdelozere.net\/wp-content\/uploads\/2020\/12\/VdL_20170000_Andreas_greffe_ecusson_6830_1100x825-72-150x150.jpg\" class=\"attachment-thumbnail size-thumbnail wp-image-2312\" alt=\"\" \/>\t\t\t\t\t\t\t\t\t\t\t\t\t\t\t<\/div>\n\t\t\t\t<\/div>\n\t\t\t\t<div class=\"elementor-element elementor-element-b04180c elementor-widget elementor-widget-heading\" data-id=\"b04180c\" data-element_type=\"widget\" data-widget_type=\"heading.default\">\n\t\t\t\t<div class=\"elementor-widget-container\">\n\t\t\t\t\t<h3 class=\"elementor-heading-title elementor-size-default\">2016<\/h3>\t\t\t\t<\/div>\n\t\t\t\t<\/div>\n\t\t\t\t<div class=\"elementor-element elementor-element-c9d24c0 elementor-blockquote--skin-border elementor-blockquote--button-color-official elementor-widget elementor-widget-blockquote\" data-id=\"c9d24c0\" data-element_type=\"widget\" data-widget_type=\"blockquote.default\">\n\t\t\t\t<div class=\"elementor-widget-container\">\n\t\t\t\t\t\t\t<blockquote class=\"elementor-blockquote\">\n\t\t\t<p class=\"elementor-blockquote__content\">\n\t\t\t\t<h3 data-elementor-setting-key=\"title\" data-pen-placeholder=\"\u00c9crivez ici...\" style=\"font-variant-caps: normal; line-height: 1.8em; font-family: &quot;EB Garamond&quot;, sans-serif; font-size: 20px; font-style: normal; font-weight: 400;\">Plus de trente arbres sont plant\u00e9s au verger conservatoire de Camp de Mesisio, \u00e0 Montrodat\n<span style=\"font-size: 22px; font-style: normal; color: rgb(85, 89, 92); background-color: transparent;\"><\/span><\/h3>\t\t\t<\/p>\n\t\t\t\t\t<\/blockquote>\n\t\t\t\t\t\t<\/div>\n\t\t\t\t<\/div>\n\t\t\t\t<div class=\"elementor-element elementor-element-b7c6500 elementor-widget elementor-widget-text-editor\" data-id=\"b7c6500\" data-element_type=\"widget\" data-widget_type=\"text-editor.default\">\n\t\t\t\t<div class=\"elementor-widget-container\">\n\t\t\t\t\t\t\t\t\t<ul><li>Le verger du Broussi\u00e9rat de la Beaume, de\u00a0Wayne et C\u00e9cile Bridgens est distingu\u00e9 : laur\u00e9at des \u00ab\u00a0<i>Troph\u00e9es 2016 du Parc National des C\u00e9vennes &#8211; Des paysages et des hommes\u00a0\u00bb<\/i>.<\/li><li><span style=\"font-size: 22px;\">13 f\u00e9vrier \u00e0 Qu\u00e9zac &#8211; <\/span><b style=\"font-size: 22px;\">Assembl\u00e9e G\u00e9n\u00e9rale,<\/b> <b style=\"font-size: 22px;\">Conseil d&rsquo;Administration<\/b><span style=\"font-size: 22px;\">, \u00ab\u00a0<\/span><b style=\"font-size: 22px;\">bourse aux greffons\u00a0\u00bb<\/b><span style=\"font-size: 22px;\"> et \u00ab\u00a0<\/span><b style=\"font-size: 22px;\">troc\u00a0de plantes\u00a0\u00bb.<\/b><\/li><li><span style=\"font-size: 22px;\">15 f\u00e9vrier \u00e0 Salgas.\u00a0<\/span><\/li><li><span style=\"font-family: 'EB Garamond'; font-size: 22px; font-style: normal; font-variant-caps: normal;\">28 f\u00e9vrier &#8211;\u00a0<\/span><span style=\"font-size: 22px;\">Participation \u00e0 la <\/span><b style=\"font-size: 22px;\">bourse aux greffons<\/b><span style=\"font-size: 22px;\"> d&rsquo;Al\u00e8s, par Jacky Brard et Jean-Pierre Fournier \u00a0&#8211; <\/span><span style=\"font-size: 22px;\">Organisation <\/span><i style=\"font-size: 22px;\">Centre national de Pomologie d&rsquo;Al\u00e8s<\/i><span style=\"font-size: 22px;\">.<\/span><\/li><li><span style=\"font-size: 22px;\">6 juin \u00e0 Rousses &#8211; Un<\/span><b style=\"font-size: 22px;\"> Stand V<span style=\"font-variant-caps: normal; font-family: 'EB Garamond'; font-size: 22px;\">ergers de Loz\u00e8re<\/span><\/b>\u00a0et \u00a0<i>Jardins Nature 48<\/i> est tenu lors du <b>troc aux plantes<\/b> organis\u00e9 par le foyer rural. <b style=\"font-size: 22px;\">Atelier<\/b> sur la confection de purins, avec la participation C\u00e9cile Bridgens,\u00a0<span style=\"font-family: 'EB Garamond'; font-size: 22px; font-style: normal; font-variant-caps: normal;\">Jacky Brard et Jean-Pierre Fournier.<\/span><\/li><li style=\"font-size: 22px;\"><span style=\"font-size: 22px;\">Chirac, le 10 mai.<\/span><\/li><li><span style=\"font-size: 22px;\">Florac, le 20 mai.<\/span><\/li><li><span style=\"font-size: 22px;\">8 avril &#8211; \u00ab\u00a0<b>atelier greffe<\/b>\u00a0\u00bb avec\u00a0<i>jardins de\u00a0<\/i><\/span><i>cocagne.\u00a0<\/i><\/li><\/ul>\t\t\t\t\t\t\t\t<\/div>\n\t\t\t\t<\/div>\n\t\t\t\t<div class=\"elementor-element elementor-element-c1a51b5 elementor-arrows-position-inside elementor-pagination-position-outside elementor-widget elementor-widget-image-carousel\" data-id=\"c1a51b5\" data-element_type=\"widget\" data-settings=\"{&quot;navigation&quot;:&quot;both&quot;,&quot;autoplay&quot;:&quot;yes&quot;,&quot;pause_on_hover&quot;:&quot;yes&quot;,&quot;pause_on_interaction&quot;:&quot;yes&quot;,&quot;autoplay_speed&quot;:5000,&quot;infinite&quot;:&quot;yes&quot;,&quot;speed&quot;:500}\" data-widget_type=\"image-carousel.default\">\n\t\t\t\t<div class=\"elementor-widget-container\">\n\t\t\t\t\t\t\t<div class=\"elementor-image-carousel-wrapper swiper\" role=\"region\" aria-roledescription=\"carousel\" aria-label=\"Carrousel d\u2019images\" dir=\"ltr\">\n\t\t\t<div class=\"elementor-image-carousel swiper-wrapper\" aria-live=\"off\">\n\t\t\t\t\t\t\t\t<div class=\"swiper-slide\" role=\"group\" aria-roledescription=\"slide\" aria-label=\"1 sur 2\"><figure class=\"swiper-slide-inner\"><img decoding=\"async\" class=\"swiper-slide-image\" src=\"https:\/\/vergersdelozere.net\/wp-content\/uploads\/2020\/11\/VdL_20170115_Atelier_pralinage_4b-150x150.jpg\" alt=\"VdL_20170115_Atelier_pralinage_4b\" \/><\/figure><\/div><div class=\"swiper-slide\" role=\"group\" aria-roledescription=\"slide\" aria-label=\"2 sur 2\"><figure class=\"swiper-slide-inner\"><img decoding=\"async\" class=\"swiper-slide-image\" src=\"https:\/\/vergersdelozere.net\/wp-content\/uploads\/2020\/11\/VdL_20170326_GreffeSurTableMende_Jacky_-b-150x150.jpg\" alt=\"VdL_20170326_GreffeSurTableMende_Jacky_ b\" \/><\/figure><\/div>\t\t\t<\/div>\n\t\t\t\t\t\t\t\t\t\t\t\t<div class=\"elementor-swiper-button elementor-swiper-button-prev\" role=\"button\" tabindex=\"0\">\n\t\t\t\t\t\t<i aria-hidden=\"true\" class=\"eicon-chevron-left\"><\/i>\t\t\t\t\t<\/div>\n\t\t\t\t\t<div class=\"elementor-swiper-button elementor-swiper-button-next\" role=\"button\" tabindex=\"0\">\n\t\t\t\t\t\t<i aria-hidden=\"true\" class=\"eicon-chevron-right\"><\/i>\t\t\t\t\t<\/div>\n\t\t\t\t\n\t\t\t\t\t\t\t\t\t<div class=\"swiper-pagination\"><\/div>\n\t\t\t\t\t\t\t\t\t<\/div>\n\t\t\t\t\t\t<\/div>\n\t\t\t\t<\/div>\n\t\t\t\t<div class=\"elementor-element elementor-element-f50867b elementor-widget elementor-widget-heading\" data-id=\"f50867b\" data-element_type=\"widget\" data-widget_type=\"heading.default\">\n\t\t\t\t<div class=\"elementor-widget-container\">\n\t\t\t\t\t<h3 class=\"elementor-heading-title elementor-size-default\">2015<\/h3>\t\t\t\t<\/div>\n\t\t\t\t<\/div>\n\t\t\t\t<div class=\"elementor-element elementor-element-636fd9e elementor-blockquote--skin-border elementor-blockquote--button-color-official elementor-widget elementor-widget-blockquote\" data-id=\"636fd9e\" data-element_type=\"widget\" data-widget_type=\"blockquote.default\">\n\t\t\t\t<div class=\"elementor-widget-container\">\n\t\t\t\t\t\t\t<blockquote class=\"elementor-blockquote\">\n\t\t\t<p class=\"elementor-blockquote__content\">\n\t\t\t\t<h3 data-elementor-setting-key=\"title\" data-pen-placeholder=\"\u00c9crivez ici...\" style=\"font-variant-caps: normal; line-height: 1.8em; font-family: &quot;EB Garamond&quot;, sans-serif; font-size: 20px; font-style: normal; font-weight: 400;\">Partenariat avec la commune de Chirac pour l'implantation d'un verger conservatoire.\n<span style=\"font-size: 22px; font-style: normal; color: rgb(85, 89, 92); background-color: transparent;\"><\/span><\/h3>\t\t\t<\/p>\n\t\t\t\t\t<\/blockquote>\n\t\t\t\t\t\t<\/div>\n\t\t\t\t<\/div>\n\t\t\t\t<div class=\"elementor-element elementor-element-edc1141 elementor-widget elementor-widget-text-editor\" data-id=\"edc1141\" data-element_type=\"widget\" data-widget_type=\"text-editor.default\">\n\t\t\t\t<div class=\"elementor-widget-container\">\n\t\t\t\t\t\t\t\t\t<ul><li>Parution<span style=\"font-size: 22px;\"> de\u00a0<\/span><span style=\"font-variant-caps: normal; font-family: 'EB Garamond'; font-size: 22px; font-style: normal;\">\u2018<b>La Feuille d&rsquo;automne\u00a0<\/b><\/span><b><span style=\"font-size: 22px;\">&#8211;\u00a0<\/span><span style=\"font-variant-caps: normal; font-family: 'EB Garamond'; font-size: 22px; font-style: normal;\">2015<\/span><\/b><span style=\"font-variant-caps: normal; font-family: 'EB Garamond'; font-size: 22px; font-style: normal;\">\u2019<\/span><span style=\"font-size: 22px;\">\u00a0(Lettre de liaison n\u00b05).<\/span><\/li><li style=\"font-family: 'EB Garamond'; font-size: 22px; font-style: normal; font-variant-caps: normal;\">23 et 24 novembre\u00a0<span style=\"font-family: 'EB Garamond'; font-size: 22px; font-style: normal; font-variant-caps: normal;\">\u00e0 Saint Jean du Gard &#8211; Aux \u00a0<\/span><span style=\"font-size: 22px;\"><span style=\"font-variant-caps: normal; font-family: 'EB Garamond'; font-size: 22px; font-style: normal;\">Journ\u00e9es de l&rsquo;Arbre, \u00ab\u00a0<\/span><b>Stand Vergers de Loz\u00e8re\u00a0\u00bb\u00a0<\/b><\/span>tenu par plusieurs membres du CA aux c\u00f4t\u00e9s du <span style=\"font-size: 22px; font-style: italic;\">Centre National de Pomologie<\/span>\u00a0d\u2019Al\u00e8s, et de l&rsquo;association\u00a0<span style=\"font-size: 22px; font-style: italic;\">Fruits Oubli\u00e9s<\/span>. Premi\u00e8re mise en place de la banderole de l&rsquo;association.<\/li><li style=\"font-family: 'EB Garamond'; font-size: 22px; font-style: normal; font-variant-caps: normal;\">7 et 8 novembre, <b>Vergers de Loz\u00e8re<\/b> est repr\u00e9sent\u00e9e \u00e0 la f\u00eate de la Vall\u00e9e de l&rsquo;abeille noire \u00e0 Pont de Montvert par C\u00e9cile Bridgens.<\/li><li style=\"font-family: 'EB Garamond'; font-size: 22px; font-style: normal; font-variant-caps: normal;\"><span style=\"font-family: 'EB Garamond'; font-size: 22px; font-style: normal; font-variant-caps: normal;\">11 octobre \u00e0 Barnassac &#8211;\u00a0<\/span><b>Conseil d&rsquo;Administration.\u00a0<\/b>Visite \u00e0\u00a0<span style=\"font-family: 'EB Garamond'; font-size: 22px; font-style: normal; font-variant-caps: normal;\">La Canourgue, d<\/span>u verger de la famille Fabre, dont l&rsquo;arri\u00e8re grand p\u00e8re avait cr\u00e9\u00e9 la poire &lsquo;Pelatan&rsquo; en 1885, retrouv\u00e9e e 2013.<\/li><li style=\"font-family: 'EB Garamond'; font-size: 22px; font-style: normal; font-variant-caps: normal;\"><span style=\"font-variant-caps: normal; font-family: 'EB Garamond'; font-size: 22px; font-style: normal;\">10 octobre, au verger\u00a0<\/span><span style=\"font-variant-caps: normal; font-family: 'EB Garamond'; font-size: 22px; font-style: normal;\">de Broussi\u00e9rat &#8211;\u00a0<\/span><span style=\"font-variant-caps: normal; font-family: 'EB Garamond'; font-size: 22px; font-style: italic;\">Festival Nature 2015<\/span><span style=\"font-family: 'EB Garamond'; font-size: 22px; font-style: normal; font-variant-caps: normal;\">\u00a0organis\u00e9 par le Parc National des C\u00e9vennes.<\/span><\/li><li><div title=\"Page 1\"><div><div><div><p>6 septembre,\u00a0au verger\u00a0de Broussi\u00e9rat &#8211; <b>La photosynth\u00e8se au\u00a0verger, conf\u00e9rence-atelier <\/b>par Sabine Rauzier et Jacky Brard pour le <i>Festival Nature 2015<\/i>\u00a0organis\u00e9 par le Parc National des C\u00e9vennes.<\/p><\/div><\/div><\/div><\/div><\/li><li style=\"font-family: 'EB Garamond'; font-size: 22px; font-variant-caps: normal;\"><span style=\"font-size: 22px;\">6 septembre, au verger\u00a0<\/span><span style=\"font-variant-caps: normal; font-family: 'EB Garamond'; font-size: 22px;\">de Broussi\u00e9rat &#8211; T<\/span><span style=\"font-family: 'EB Garamond'; font-size: 22px; font-style: normal; font-variant-caps: normal;\">ournage cin\u00e9matographique.<\/span><span style=\"font-family: 'EB Garamond'; font-size: 22px; font-style: normal; font-variant-caps: normal;\">\u00a0<\/span><\/li><li>5 septembre \u00e0 Florac &#8211; <b>Tenue d&rsquo;un stand commun\u00a0<\/b>\u00a0(<span style=\"font-family: 'EB Garamond'; font-size: 22px; font-variant-caps: normal; font-style: normal;\">partenariat entre Vergers de Loz\u00e8re et <\/span><span style=\"font-family: 'EB Garamond'; font-size: 22px; font-variant-caps: normal;\"><i>Jardins Nature 48<\/i><\/span><span style=\"font-family: 'EB Garamond'; font-size: 22px; font-variant-caps: normal; font-style: normal;\">)\u00a0<\/span>lors du forum des Associations de Florac.<\/li><li style=\"font-family: 'EB Garamond'; font-size: 22px; font-style: normal; font-variant-caps: normal;\"><span style=\"font-size: 22px;\">\u00a0<\/span><span style=\"font-size: 22px;\">Parution du\u00a0<\/span><span style=\"font-family: 'EB Garamond'; font-size: 22px; font-style: normal; font-variant-caps: normal;\">\u2018<\/span><b><span style=\"font-size: 22px;\">Bourgeon de Printemps &#8211;\u00a0<\/span><span style=\"font-family: 'EB Garamond'; font-size: 22px; font-style: normal; font-variant-caps: normal;\">2015<\/span><span style=\"font-family: 'EB Garamond'; font-size: 22px; font-style: normal; font-variant-caps: normal;\">\u2019<\/span><\/b><span style=\"font-size: 22px;\">\u00a0(Lettre de liaison n\u00b04).<\/span><\/li><li>10 mai, \u00e0 Chirac &#8211; <b><span style=\"font-variant-caps: normal; font-family: 'EB Garamond'; font-size: 22px; font-style: normal; font-weight: bold;\">Conseil d&rsquo;Administration \u00ab\u00a0<\/span>Convention de\u00a0partenariat\u00a0\u00bb\u00a0<\/b>avec la municipalit\u00e9 de\u00a0Chirac au sujet du <b>verger conservatoire communal.<\/b><\/li><li>15 f\u00e9vrier au ch\u00e2teau de Salgas &#8211;\u00a0<a style=\"font-size: 22px;\" href=\"https:\/\/vergersdelozere.net\/wp-content\/uploads\/2021\/01\/VdL_CoupureMidiLibre_20150225.pdf\" target=\"_blank\" rel=\"noopener\"><b>Atelier \u00ab\u00a0taille et restructuration des vieux fruitiers\u00a0\u00bb<\/b><\/a><span style=\"font-size: 22px;\">, par Jacky Brard en partenariat avec <\/span><i style=\"font-size: 22px;\">Jardins Nature 48<\/i><span style=\"font-size: 22px;\">.<\/span><\/li><li style=\"font-family: 'EB Garamond'; font-size: 22px; font-variant-caps: normal;\"><span style=\"font-style: normal; font-size: 22px;\"><span style=\"font-family: 'EB Garamond'; font-size: 22px; font-style: normal; font-variant-caps: normal;\">1er f\u00e9vrier \u00e0 Mende &#8211;\u00a0<\/span><b>Assembl\u00e9e G\u00e9n\u00e9rale<\/b>.<\/span><span style=\"font-size: 22px;\">\u00a0Le CA est inchang\u00e9. Pr\u00e9sidente : C\u00e9cile Reynes- Bridgens, tr\u00e9sorier : Yannick Mourgues , secr\u00e9taire : Christian Rameau, administrateurs : Jacky Brard, Jean-Pierre Fournier, Dominique Garrel (repr\u00e9sentant <i>Fruits Oubli\u00e9s R\u00e9seau<\/i>), Sabine Rauzier.\u00a0Projets : Recherche de nouveaux administrateurs, c\u00e9pages interdits, animations \u00ab\u00a0Festival Nature\u00a0\u00bb, et promotion en Vall\u00e9e Fran\u00e7aise.<\/span><\/li><li style=\"font-size: 22px;\"><span style=\"font-variant-caps: normal; font-family: 'EB Garamond'; font-size: 22px; font-style: normal;\"><span style=\"font-size: 22px; font-weight: bold;\">Radio<\/span><\/span><span style=\"font-variant-caps: normal; font-family: 'EB Garamond'; font-size: 22px; font-style: normal;\"><span style=\"font-size: 22px; font-weight: bold;\">\u00a0: \u00a0\u00e9missions mensuelles<\/span>\u00a0\u00ab\u00a0<\/span><span style=\"font-variant-caps: normal; font-family: 'EB Garamond'; font-size: 22px;\">D<\/span><span style=\"font-variant-caps: normal; font-family: 'EB Garamond'; font-size: 22px;\">e la terre \u00e0 l&rsquo;assiette\u00a0\u00bb<\/span><span style=\"font-variant-caps: normal; font-family: 'EB Garamond'; font-size: 22px; font-style: normal;\">\u00a0sur<\/span><span style=\"font-variant-caps: normal; font-family: 'EB Garamond'; font-size: 22px;\"><i> Radio Bartas<\/i><\/span><span style=\"font-variant-caps: normal; font-family: 'EB Garamond'; font-size: 22px; font-style: normal;\">, par C\u00e9cile Bridgens rejoint par Jacky Brard.<\/span><\/li><\/ul>\t\t\t\t\t\t\t\t<\/div>\n\t\t\t\t<\/div>\n\t\t\t\t<div class=\"elementor-element elementor-element-e687d0c elementor-widget elementor-widget-heading\" data-id=\"e687d0c\" data-element_type=\"widget\" data-widget_type=\"heading.default\">\n\t\t\t\t<div class=\"elementor-widget-container\">\n\t\t\t\t\t<h3 class=\"elementor-heading-title elementor-size-default\">2014<\/h3>\t\t\t\t<\/div>\n\t\t\t\t<\/div>\n\t\t\t\t<div class=\"elementor-element elementor-element-2bf50d7 elementor-blockquote--skin-border elementor-blockquote--button-color-official elementor-widget elementor-widget-blockquote\" data-id=\"2bf50d7\" data-element_type=\"widget\" data-widget_type=\"blockquote.default\">\n\t\t\t\t<div class=\"elementor-widget-container\">\n\t\t\t\t\t\t\t<blockquote class=\"elementor-blockquote\">\n\t\t\t<p class=\"elementor-blockquote__content\">\n\t\t\t\t<h3 data-elementor-setting-key=\"title\" data-pen-placeholder=\"\u00c9crivez ici...\" style=\"font-variant-caps: normal; line-height: 1.8em; font-family: &quot;EB Garamond&quot;, sans-serif; font-size: 20px; font-style: normal; font-weight: 400;\">Actions tous azimuts vers le public.<span style=\"font-size: 22px; font-style: normal; color: rgb(85, 89, 92); background-color: transparent;\"><\/span><\/h3>\t\t\t<\/p>\n\t\t\t\t\t<\/blockquote>\n\t\t\t\t\t\t<\/div>\n\t\t\t\t<\/div>\n\t\t\t\t<div class=\"elementor-element elementor-element-a19a925 elementor-widget elementor-widget-text-editor\" data-id=\"a19a925\" data-element_type=\"widget\" data-widget_type=\"text-editor.default\">\n\t\t\t\t<div class=\"elementor-widget-container\">\n\t\t\t\t\t\t\t\t\t<div title=\"Page 1\"><div title=\"Page 1\"><div><div><div><ul><li><span style=\"font-size: 22px;\">Parution de\u00a0<\/span><span style=\"font-variant-caps: normal; font-family: 'EB Garamond'; font-size: 22px; font-style: normal;\">\u2018<b>La Feuille d&rsquo;automne\u00a0<\/b><\/span><b><span style=\"font-size: 22px;\">&#8211;\u00a0<\/span><span style=\"font-variant-caps: normal; font-family: 'EB Garamond'; font-size: 22px; font-style: normal;\">2014<\/span><\/b><span style=\"font-variant-caps: normal; font-family: 'EB Garamond'; font-size: 22px; font-style: normal;\">\u2019<\/span><span style=\"font-size: 22px;\">\u00a0(Lettre de liaison n\u00b03).<\/span><\/li><li>7 d\u00e9cembre. <b>Participation \u00e0 la projection\/d\u00e9bat <\/b>du film\u00a0<i>Le Verger permaculturel<\/i>, \u00e0 l&rsquo;invitation de <i>Jardins Nature 48<\/i>.<span style=\"font-size: 22px;\"><br \/><\/span><\/li><li><span style=\"font-size: 22px;\">Mars &#8211; <\/span><b style=\"font-size: 22px;\">Article<\/b><span style=\"font-size: 22px;\">\u00a0\u00ab\u00a0<i>Les fruitiers de Loz\u00e8re, des montagnards aux vertus c\u00e9venoles\u00a0\u00bb<\/i>\u00a0par C\u00e9cile Bridgens, pour la revue <i>Fruits Oubli\u00e9s<\/i>\u00a0consacr\u00e9e \u00e0 la Loz\u00e8re.<\/span><\/li><li><span style=\"font-size: 22px;\">Parution du\u00a0<\/span><span style=\"font-family: 'EB Garamond'; font-size: 22px; font-style: normal; font-variant-caps: normal;\">\u2018<\/span><b><span style=\"font-size: 22px;\">Bourgeon de Printemps &#8211;\u00a0<\/span><span style=\"font-family: 'EB Garamond'; font-size: 22px; font-style: normal; font-variant-caps: normal;\">2014<\/span><\/b><span style=\"font-family: 'EB Garamond'; font-size: 22px; font-style: normal; font-variant-caps: normal;\">\u2019<\/span><span style=\"font-size: 22px;\">\u00a0(Lettre de liaison n\u00b02).<\/span><\/li><\/ul><\/div><\/div><\/div><\/div><ul><li><span style=\"font-family: 'EB Garamond'; font-size: 22px; font-style: normal; font-variant-caps: normal;\">13 juillet \u00e0 Mende,\u00a0<\/span><b>Stand Vergers de Loz\u00e8re\u00a0<\/b>tenu par C\u00e9cile Bridgens et Yannick Mourgues, \u00e0 la foire <i>La cardabelle<\/i>.<\/li><li><span style=\"font-size: 22px;\"><span style=\"font-family: 'EB Garamond'; font-size: 22px; font-style: normal; font-variant-caps: normal;\">14 juin \u00e0 Rousses,\u00a0<\/span><b>Animation Vergers de Loz\u00e8re <\/b><\/span><span style=\"font-size: 22px;\">lors du <i>Troc Plantes et Graines<\/i>,\u00a0<\/span><span style=\"font-family: 'EB Garamond'; font-size: 22px; font-style: normal; font-variant-caps: normal;\">par Jacky Brard et Jean-Pierre Fournier.<\/span><\/li><li><span style=\"font-size: 22px;\"><span style=\"font-family: 'EB Garamond'; font-size: 22px; font-style: normal; font-variant-caps: normal;\">31 mai \u00e0 Marvejols &#8211;\u00a0<\/span><b>Animation d&rsquo;une sortie<\/b><\/span><span style=\"font-size: 22px;\">, pour <i>Na\u00eetre et grandir<\/i>\u00a0par Jacky Brard et Jean-Pierre Fournier\u00a0<\/span><\/li><li style=\"font-size: 22px;\">27 mai :\u00a0<span style=\"font-size: 22px; font-weight: bold;\">participation Vergers de Loz\u00e8re<\/span>\u00a0au <i>K&rsquo;f\u00e9 p\u00e9da\u00a0Biodiversit\u00e9<\/i>\u00a0par Jacky Brard et Jean-Pierre Fournier, \u00e0 Mende.<\/li><li><span style=\"font-family: 'EB Garamond'; font-size: 22px; font-style: normal; font-variant-caps: normal;\"><span style=\"font-family: 'EB Garamond'; font-size: 22px; font-style: normal; font-variant-caps: normal;\">8 avril\u00a0<span style=\"font-family: 'EB Garamond'; font-size: 22px; font-style: normal; font-variant-caps: normal;\">\u00e0 Palhers\u00a0<\/span>&#8211; <\/span><b>Atelier Greffes<\/b> pour les ouvriers de l&rsquo;association <\/span><span style=\"font-family: 'EB Garamond'; font-size: 22px; font-variant-caps: normal;\"><i>Jardins de Cocagne<\/i><\/span><span style=\"font-family: 'EB Garamond'; font-size: 22px; font-style: normal; font-variant-caps: normal;\">,\u00a0<\/span><span style=\"font-family: 'EB Garamond'; font-size: 22px; font-style: normal; font-variant-caps: normal;\">par Jacky Brard et Jean-Pierre Fournier.<\/span><\/li><li><span style=\"font-family: 'EB Garamond'; font-size: 22px; font-style: normal; font-variant-caps: normal;\">4 avril\u00a0<\/span><span style=\"font-size: 22px;\">\u00e0 Pourcharesses, sous l&rsquo;\u00e9gide du REEL 48, \u00ab\u00a0<\/span><span style=\"font-family: 'EB Garamond'; font-size: 22px; font-style: normal; font-variant-caps: normal;\"><b>Atelier greffe des fruitiers\u00a0\u00bb\u00a0<\/b><\/span><span style=\"font-size: 22px;\">par\u00a0<\/span><span style=\"font-family: 'EB Garamond'; font-size: 22px; font-style: normal; font-variant-caps: normal;\">Jacky Brard et Jean-Pierre Fournier. Prise de contact avec l&rsquo;association &lsquo;<\/span><span style=\"font-family: 'EB Garamond'; font-size: 22px; font-variant-caps: normal;\"><i>Rouge de Borne<\/i><\/span><span style=\"font-family: 'EB Garamond'; font-size: 22px; font-style: normal; font-variant-caps: normal;\">&lsquo;.<\/span><\/li><li><span style=\"font-family: 'EB Garamond'; font-size: 22px; font-style: normal; font-variant-caps: normal;\">Avril :\u00a0<\/span><b style=\"font-size: 22px;\">Formation<\/b><span style=\"font-size: 22px;\"> aux employ\u00e9s de la commune de Chirac, <b>plantation de portes-greffes<\/b> en pr\u00e9alable \u00e0 la <b>constitution d&rsquo;un verger<\/b>\u00a0de sauvegarde communal\u00a0<\/span><span style=\"font-family: 'EB Garamond'; font-size: 22px; font-style: normal; font-variant-caps: normal;\">par Jacky Brard.<\/span><\/li><li><span style=\"font-size: 22px;\">29 Mars<span style=\"font-family: 'EB Garamond'; font-size: 22px; font-style: normal; font-variant-caps: normal;\">, au\u00a0<\/span><span style=\"font-variant-caps: normal; font-family: 'EB Garamond'; font-size: 22px; font-style: italic;\">Broussi\u00e9rat de La Baume<\/span><span style=\"font-family: 'EB Garamond'; font-size: 22px; font-style: normal; font-variant-caps: normal;\">\u00a0&#8211;\u00a0<\/span><\/span><span style=\"font-family: 'EB Garamond'; font-size: 22px; font-style: normal; font-variant-caps: normal; font-weight: bold;\">R\u00e9union du Conseil d&rsquo;Administration <\/span><span style=\"font-family: 'EB Garamond'; font-size: 22px; font-style: normal; font-variant-caps: normal;\">et\u00a0<\/span><b style=\"font-size: 22px;\">Assembl\u00e9e G\u00e9n\u00e9rale. \u00ab\u00a0<\/b><b style=\"font-size: 22px;\">D\u00e9monstrations de greffes\u00a0\u00bb<\/b><span style=\"font-size: 22px;\">\u00a0par Jean-Pierre Fournier, comment\u00e9es par Jacky Brard.<\/span><\/li><li><span style=\"font-size: 22px;\">Signature d&rsquo;un <\/span><b style=\"font-size: 22px;\">projet de convention<\/b><span style=\"font-size: 22px;\"> avec <i>l&rsquo;IMPRO Le Gallion<\/i>\u00a0de Marvejols favorisant \u00a0la participation de ses r\u00e9sidants au projet d<\/span><span style=\"font-family: 'EB Garamond'; font-size: 22px; font-style: normal; font-variant-caps: normal;\">e verger de sauvegarde de Camp de Mesisio.<\/span><\/li><li><span style=\"font-family: 'EB Garamond'; font-size: 22px; font-style: normal; font-variant-caps: normal;\"><b>Radio<\/b><\/span><span style=\"font-family: 'EB Garamond'; font-size: 22px; font-style: normal; font-variant-caps: normal;\"><b>\u00a0: \u00a0\u00e9missions mensuelles<\/b>\u00a0\u00ab\u00a0D<\/span><span style=\"font-family: 'EB Garamond'; font-size: 22px; font-variant-caps: normal;\"><i>e la terre \u00e0 l&rsquo;assiette\u00a0\u00bb<\/i><\/span><span style=\"font-family: 'EB Garamond'; font-size: 22px; font-style: normal; font-variant-caps: normal;\">\u00a0sur <\/span><span style=\"font-family: 'EB Garamond'; font-size: 22px; font-variant-caps: normal;\"><i>Radio Bartas<\/i><\/span><span style=\"font-family: 'EB Garamond'; font-size: 22px; font-style: normal; font-variant-caps: normal;\">, par C\u00e9cile Bridgens.\u00a0<\/span><\/li><li><span style=\"font-size: 22px;\">Janvier &#8211; <\/span><span style=\"font-size: 22px; font-weight: bold;\">Radio<\/span><span style=\"font-size: 22px;\">\u00a0: \u00a0<\/span><span style=\"font-size: 22px;\">enregistrement d&rsquo;une s\u00e9rie <\/span><span style=\"font-size: 22px;\">de\u00a0<span style=\"font-size: 22px;\"><b>cinq \u00e9missions\u00a0<\/b><\/span><\/span><span style=\"font-size: 22px;\"><span style=\"font-family: 'EB Garamond'; font-size: 22px; font-style: normal; font-variant-caps: normal;\">avec <\/span><span style=\"font-variant-caps: normal; font-family: 'EB Garamond'; font-size: 22px; font-style: italic;\">Radio Eaux Vives &#8211; Loz\u00e8re<\/span>\u00a0<\/span><span style=\"font-size: 22px;\">sur <i>le verger conservatoire de Camp de Mesisio<\/i>\u00a0par Jacky Brard.<\/span><\/li><li><span style=\"font-family: 'EB Garamond'; font-size: 22px; font-style: normal; font-variant-caps: normal;\">Janvier &#8211; <\/span><span style=\"font-family: 'EB Garamond'; font-size: 22px; font-style: normal; font-variant-caps: normal;\">enregistrement d&rsquo;une s\u00e9rie d&rsquo;<b>\u00e9missions de radio <\/b>sur \u00a0\u00ab\u00a0<\/span><span style=\"font-family: 'EB Garamond'; font-size: 22px; font-variant-caps: normal;\"><i>Les alternatives aux pesticides au verger\u00a0\u00bb<\/i><\/span><span style=\"font-size: 22px;\">\u00a0sur<span style=\"font-variant-caps: normal; font-family: 'EB Garamond'; font-size: 22px; font-style: normal;\">\u00a0<\/span><span style=\"font-variant-caps: normal; font-family: 'EB Garamond'; font-size: 22px; font-style: normal;\"><span style=\"font-size: 22px; font-style: italic;\">Radio Eaux Vives &#8211; Loz\u00e8re<\/span><\/span><span style=\"font-variant-caps: normal; font-family: 'EB Garamond'; font-size: 22px; font-style: normal;\">,\u00a0<\/span>par Jacky Brard et Jean-Pierre Fournier.<\/span><\/li><\/ul><\/div>\t\t\t\t\t\t\t\t<\/div>\n\t\t\t\t<\/div>\n\t\t\t\t<div class=\"elementor-element elementor-element-1b8499f elementor-widget elementor-widget-heading\" data-id=\"1b8499f\" data-element_type=\"widget\" data-widget_type=\"heading.default\">\n\t\t\t\t<div class=\"elementor-widget-container\">\n\t\t\t\t\t<h3 class=\"elementor-heading-title elementor-size-default\">2013<\/h3>\t\t\t\t<\/div>\n\t\t\t\t<\/div>\n\t\t\t\t<div class=\"elementor-element elementor-element-275839d elementor-blockquote--skin-border elementor-blockquote--button-color-official elementor-widget elementor-widget-blockquote\" data-id=\"275839d\" data-element_type=\"widget\" data-widget_type=\"blockquote.default\">\n\t\t\t\t<div class=\"elementor-widget-container\">\n\t\t\t\t\t\t\t<blockquote class=\"elementor-blockquote\">\n\t\t\t<p class=\"elementor-blockquote__content\">\n\t\t\t\t<h3 data-elementor-setting-key=\"title\" data-pen-placeholder=\"\u00c9crivez ici...\" style=\"font-variant-caps: normal; line-height: 1.8em; font-family: &quot;EB Garamond&quot;, sans-serif; font-size: 20px; font-style: normal; font-weight: 400;\">La 'Reinette de Balsi\u00e8ges' et la poire 'Pelatan' sont sauv\u00e9es et en cours d'\u00e9tudes pomologiques.\n<span style=\"font-size: 22px; font-style: normal; color: rgb(85, 89, 92); background-color: transparent;\"><\/span><\/h3>\t\t\t<\/p>\n\t\t\t\t\t<\/blockquote>\n\t\t\t\t\t\t<\/div>\n\t\t\t\t<\/div>\n\t\t\t\t<div class=\"elementor-element elementor-element-fa96868 elementor-widget elementor-widget-text-editor\" data-id=\"fa96868\" data-element_type=\"widget\" data-widget_type=\"text-editor.default\">\n\t\t\t\t<div class=\"elementor-widget-container\">\n\t\t\t\t\t\t\t\t\t<ul><li><span style=\"font-size: 22px;\">\u00ab\u00a0Parution de\u00a0<\/span><span style=\"font-variant-caps: normal; font-family: 'EB Garamond'; font-size: 22px; font-style: normal;\">\u2018<b>La Feuille d&rsquo;automne\u00a0<\/b><\/span><b><span style=\"font-size: 22px;\">&#8211;\u00a0<\/span><span style=\"font-variant-caps: normal; font-family: 'EB Garamond'; font-size: 22px; font-style: normal;\">2013<\/span><\/b><span style=\"font-variant-caps: normal; font-family: 'EB Garamond'; font-size: 22px; font-style: normal;\">\u2019<\/span><span style=\"font-size: 22px;\">\u00a0(Lettre de liaison n\u00b01).<\/span><\/li><li>8 d\u00e9cembre au Mazel. \u00ab\u00a0<b>Stage de formation \u00e0 la Pomologie\u00a0\u00bb<\/b>\u00a0par Sabine Rauzier.<\/li><li><i><span style=\"font-family: 'EB Garamond'; font-size: 22px; font-style: normal; font-variant-caps: normal;\">23 et 24 novembre\u00a0<\/span><span style=\"font-family: 'EB Garamond'; font-size: 22px; font-style: normal; font-variant-caps: normal;\">\u00e0 Saint Jean du Gard &#8211;\u00a0<\/span>Journ\u00e9es de l&rsquo;Arbre : \u00ab\u00a0<\/i><b><span style=\"font-variant-caps: normal; font-family: 'EB Garamond'; font-size: 22px; font-style: normal; font-weight: bold;\">S<\/span>tand Vergers de Loz\u00e8re\u00a0\u00bb\u00a0<\/b>tenu par C\u00e9cile Bridgens, Jacky Brard et Jean Pierre Fournier\u00a0aux c\u00f4t\u00e9s de Sabine Rauzier, pour le\u00a0<i>Centre National de Pomologie<\/i>\u00a0d\u2019Al\u00e8s, et de l&rsquo;association\u00a0<i>Fruits Oubli\u00e9s<\/i>.<\/li><li><span style=\"font-family: 'EB Garamond'; font-size: 22px; font-style: normal; font-variant-caps: normal;\">16 novembre \u00e0 Pied-de-Borne, \u00ab\u00a0<\/span><b style=\"font-size: 22px;\">Atelier Taille de formation des fruitiers\u00a0\u00bb<\/b><span style=\"font-size: 22px;\">, par Jacky Brard et Jean-Pierre Fournier, partenariat avec l&rsquo;association\u00a0<\/span><i style=\"font-size: 22px;\">La Rouge de Borne<\/i><span style=\"font-size: 22px;\">.<\/span><\/li><li>Participation \u00e0 une\u00a0<b>r\u00e9union du Parc National des C\u00e9vennes<\/b>\u00a0: <i>Patrimoine fruitier de Loz\u00e8re et Natura 2000<\/i>\u00a0(C\u00e9cile Bridgens).<\/li><li><b>Radio<\/b>\u00a0: s\u00e9rie de<b>\u00a0cinq \u00e9missions<\/b>\u00a0sur\u00a0sur les ondes de <i>Radio Eaux Vives\u00a0Loz\u00e8re<\/i>\u00a0par Jacky Brard et Jean-Pierre Fournier.\u00a0<b><i>R\u00e9ussir son compos<\/i>t<\/b>,\u00a0en janvier,<i> <b>le printemps au jardin<\/b><\/i>\u00a0en f\u00e9vrier, <i><b>les alternatives aux pesticides<\/b><\/i>, en mars,\u00a0<i><b>les travaux d\u2019automne au jardin<\/b><\/i>,\u00a0en octobre et <i><b>le verger conservatoire \u00e9clat\u00e9<\/b><\/i>\u00a0en novembre.<\/li><li>Octobre &#8211;\u00a0<b><span style=\"font-variant-caps: normal; font-family: 'EB Garamond'; font-size: 22px; font-style: normal;\">Radio\u00a0<\/span><span style=\"font-family: 'EB Garamond'; font-size: 22px; font-style: normal; font-variant-caps: normal;\">:\u00a0<\/span>\u00e9mission sp\u00e9ciale -vergers-<\/b>\u00a0dans \u00ab\u00a0<i>De le terre \u00e0 l&rsquo;assiette<\/i> \u00bb sur <i>Radio Bartas<\/i>, anim\u00e9e par C\u00e9cile Bridgens.<\/li><li>3 novembre \u00e0 Langlade\u00a0<span style=\"font-variant-caps: normal; font-family: 'EB Garamond'; font-size: 22px; font-style: normal;\">&#8211; \u00ab\u00a0<\/span><span style=\"font-variant-caps: normal; font-family: 'EB Garamond'; font-size: 22px; font-style: normal; font-weight: bold;\">Atelier d&rsquo;identification fruiti\u00e8re\u00a0\u00bb<\/span><span style=\"font-variant-caps: normal; font-family: 'EB Garamond'; font-size: 22px; font-style: normal;\">\u00a0par Sabine Rauzier et\u00a0<\/span><span style=\"font-variant-caps: normal; font-family: 'EB Garamond'; font-size: 22px; font-style: normal;\">C\u00e9cile Bridgens\u00a0<\/span><span style=\"font-variant-caps: normal; font-family: 'EB Garamond'; font-size: 22px; font-style: normal;\">en partenariat avec\u00a0le\u00a0<\/span><span style=\"font-variant-caps: normal; font-family: 'EB Garamond'; font-size: 22px; font-style: italic;\">REEL48<\/span><span style=\"font-variant-caps: normal; font-family: 'EB Garamond'; font-size: 22px; font-style: normal;\">.<\/span><\/li><li><span style=\"font-family: 'EB Garamond'; font-size: 22px; font-style: normal; font-variant-caps: normal;\"><span style=\"font-family: 'EB Garamond'; font-size: 22px; font-style: normal; font-variant-caps: normal;\">26 octobre \u00e0 Rousses &#8211; \u00ab\u00a0<\/span><span style=\"font-variant-caps: normal; font-family: 'EB Garamond'; font-size: 22px; font-style: normal; font-weight: bold;\">Atelier d&rsquo;identification fruiti\u00e8re\u00a0\u00bb<\/span><span style=\"font-family: 'EB Garamond'; font-size: 22px; font-style: normal; font-variant-caps: normal;\">\u00a0par Sabine Rauzier et\u00a0<\/span><span style=\"font-variant-caps: normal; font-family: 'EB Garamond'; font-size: 22px; font-style: normal;\">C\u00e9cile Bridgens\u00a0<\/span><span style=\"font-family: 'EB Garamond'; font-size: 22px; font-style: normal; font-variant-caps: normal;\">en partenariat avec\u00a0le\u00a0<\/span><span style=\"font-variant-caps: normal; font-family: 'EB Garamond'; font-size: 22px; font-style: italic;\">REEL48<\/span><span style=\"font-family: 'EB Garamond'; font-size: 22px; font-style: normal; font-variant-caps: normal;\">.<\/span><\/span><\/li><li><span style=\"font-family: 'EB Garamond'; font-size: 22px; font-style: normal; font-variant-caps: normal;\"><span style=\"font-family: 'EB Garamond'; font-size: 22px; font-style: normal; font-variant-caps: normal;\">12 octobre \u00e0 Badaroux &#8211; \u00ab\u00a0<\/span><\/span><span style=\"font-variant-caps: normal; font-family: 'EB Garamond'; font-size: 22px; font-style: normal; font-weight: bold;\">Atelier d&rsquo;identification fruiti\u00e8re\u00a0\u00bb<\/span><span style=\"font-variant-caps: normal; font-family: 'EB Garamond'; font-size: 22px; font-style: normal;\">\u00a0par Sabine Rauzier et\u00a0<\/span><span style=\"font-variant-caps: normal; font-family: 'EB Garamond'; font-size: 22px; font-style: normal;\">C\u00e9cile Bridgens\u00a0<\/span><span style=\"font-variant-caps: normal; font-family: 'EB Garamond'; font-size: 22px; font-style: normal;\">en partenariat avec\u00a0le\u00a0<\/span><span style=\"font-variant-caps: normal; font-family: 'EB Garamond'; font-size: 22px; font-style: italic;\">REEL48<\/span><span style=\"font-variant-caps: normal; font-family: 'EB Garamond'; font-size: 22px; font-style: normal;\">.<\/span><\/li><li><span style=\"font-family: 'EB Garamond'; font-size: 22px; font-style: normal; font-variant-caps: normal;\">12 octobre \u00e0 Mende &#8211;\u00a0<\/span>R\u00e9union du <b>Conseil d&rsquo;Administration<\/b>.\u00a0<\/li><li><span style=\"font-family: 'EB Garamond'; font-size: 22px; font-style: normal; font-variant-caps: normal;\">\u00a0<span style=\"font-family: 'EB Garamond'; font-size: 22px; font-style: normal; font-variant-caps: normal;\">7 et 8\u00a0septembre,\u00a0<\/span>\u00e0 Badaroux &#8211; <\/span>Animation d&rsquo;un \u00ab\u00a0<span style=\"font-variant-caps: normal; font-family: 'EB Garamond'; font-size: 22px; font-style: normal; font-weight: bold;\">Stand Vergers de Loz\u00e8re\u00a0\u00bb\u00a0<\/span>au <i>salon Biojour<\/i>\u00a0avec le<i> REEL48<\/i>, par C\u00e9cile Bridgens.<\/li><li>31 ao\u00fbt \u00e0 Langlade &#8211; \u00ab\u00a0<b>Atelier greffes en \u00e9cusson\u00a0\u00bb<\/b>\u00a0par Jacky Brard et Jean-Pierre Fournier, en partenariat avec le <i>REEL48<\/i>.\u00a0<\/li><\/ul>\t\t\t\t\t\t\t\t<\/div>\n\t\t\t\t<\/div>\n\t\t\t\t\t<\/div>\n\t\t<\/div>\n\t\t\t\t\t<\/div>\n\t\t<\/section>\n\t\t\t\t<\/div>\n\t\t","protected":false},"excerpt":{"rendered":"<p>2023 &nbsp; 6 octobre \u00e0 Mende &#8211; \u00ab&nbsp;Verger conservatoire de Brenoux&nbsp;\u00bb &#8211; R\u00e9union afin de pr\u00e9ciser les enjeux et les aspects techniques de la cr\u00e9ation d&rsquo;un verger de sauvegarde. 7 octobre Mende &#8211; Les Toqu\u00e9s du c\u00e8pe. &nbsp;25 ao\u00fbt \u00e0 Ventajols &#8211; Un go\u00fbter au verger (Partenariat PnC). &nbsp;25 ao\u00fbt \u00e0 Saint Laurent de Tr\u00e8ves [&hellip;]<\/p>\n","protected":false},"author":1,"featured_media":0,"parent":0,"menu_order":0,"comment_status":"closed","ping_status":"closed","template":"","meta":{"_acf_changed":false,"ocean_post_layout":"","ocean_both_sidebars_style":"","ocean_both_sidebars_content_width":0,"ocean_both_sidebars_sidebars_width":0,"ocean_sidebar":"0","ocean_second_sidebar":"0","ocean_disable_margins":"enable","ocean_add_body_class":"","ocean_shortcode_before_top_bar":"","ocean_shortcode_after_top_bar":"","ocean_shortcode_before_header":"","ocean_shortcode_after_header":"","ocean_has_shortcode":"","ocean_shortcode_after_title":"","ocean_shortcode_before_footer_widgets":"","ocean_shortcode_after_footer_widgets":"","ocean_shortcode_before_footer_bottom":"","ocean_shortcode_after_footer_bottom":"","ocean_display_top_bar":"default","ocean_display_header":"default","ocean_header_style":"","ocean_center_header_left_menu":"0","ocean_custom_header_template":"0","ocean_custom_logo":0,"ocean_custom_retina_logo":0,"ocean_custom_logo_max_width":0,"ocean_custom_logo_tablet_max_width":0,"ocean_custom_logo_mobile_max_width":0,"ocean_custom_logo_max_height":0,"ocean_custom_logo_tablet_max_height":0,"ocean_custom_logo_mobile_max_height":0,"ocean_header_custom_menu":"0","ocean_menu_typo_font_family":"0","ocean_menu_typo_font_subset":"","ocean_menu_typo_font_size":0,"ocean_menu_typo_font_size_tablet":0,"ocean_menu_typo_font_size_mobile":0,"ocean_menu_typo_font_size_unit":"px","ocean_menu_typo_font_weight":"","ocean_menu_typo_font_weight_tablet":"","ocean_menu_typo_font_weight_mobile":"","ocean_menu_typo_transform":"","ocean_menu_typo_transform_tablet":"","ocean_menu_typo_transform_mobile":"","ocean_menu_typo_line_height":0,"ocean_menu_typo_line_height_tablet":0,"ocean_menu_typo_line_height_mobile":0,"ocean_menu_typo_line_height_unit":"","ocean_menu_typo_spacing":0,"ocean_menu_typo_spacing_tablet":0,"ocean_menu_typo_spacing_mobile":0,"ocean_menu_typo_spacing_unit":"","ocean_menu_link_color":"","ocean_menu_link_color_hover":"","ocean_menu_link_color_active":"","ocean_menu_link_background":"","ocean_menu_link_hover_background":"","ocean_menu_link_active_background":"","ocean_menu_social_links_bg":"","ocean_menu_social_hover_links_bg":"","ocean_menu_social_links_color":"","ocean_menu_social_hover_links_color":"","ocean_disable_title":"default","ocean_disable_heading":"default","ocean_post_title":"","ocean_post_subheading":"","ocean_post_title_style":"","ocean_post_title_background_color":"","ocean_post_title_background":0,"ocean_post_title_bg_image_position":"","ocean_post_title_bg_image_attachment":"","ocean_post_title_bg_image_repeat":"","ocean_post_title_bg_image_size":"","ocean_post_title_height":0,"ocean_post_title_bg_overlay":0.5,"ocean_post_title_bg_overlay_color":"","ocean_disable_breadcrumbs":"default","ocean_breadcrumbs_color":"","ocean_breadcrumbs_separator_color":"","ocean_breadcrumbs_links_color":"","ocean_breadcrumbs_links_hover_color":"","ocean_display_footer_widgets":"default","ocean_display_footer_bottom":"default","ocean_custom_footer_template":"0","footnotes":""},"class_list":["post-2042","page","type-page","status-publish","hentry","entry"],"acf":[],"_links":{"self":[{"href":"https:\/\/vergersdelozere.net\/index.php\/wp-json\/wp\/v2\/pages\/2042"}],"collection":[{"href":"https:\/\/vergersdelozere.net\/index.php\/wp-json\/wp\/v2\/pages"}],"about":[{"href":"https:\/\/vergersdelozere.net\/index.php\/wp-json\/wp\/v2\/types\/page"}],"author":[{"embeddable":true,"href":"https:\/\/vergersdelozere.net\/index.php\/wp-json\/wp\/v2\/users\/1"}],"replies":[{"embeddable":true,"href":"https:\/\/vergersdelozere.net\/index.php\/wp-json\/wp\/v2\/comments?post=2042"}],"version-history":[{"count":526,"href":"https:\/\/vergersdelozere.net\/index.php\/wp-json\/wp\/v2\/pages\/2042\/revisions"}],"predecessor-version":[{"id":8190,"href":"https:\/\/vergersdelozere.net\/index.php\/wp-json\/wp\/v2\/pages\/2042\/revisions\/8190"}],"wp:attachment":[{"href":"https:\/\/vergersdelozere.net\/index.php\/wp-json\/wp\/v2\/media?parent=2042"}],"curies":[{"name":"wp","href":"https:\/\/api.w.org\/{rel}","templated":true}]}}